{"id":3413,"date":"2019-06-13T12:51:37","date_gmt":"2019-06-13T12:51:37","guid":{"rendered":"https:\/\/viiiconference.ruralforum.org\/home-10\/"},"modified":"2024-05-02T09:53:55","modified_gmt":"2024-05-02T09:53:55","slug":"home-10","status":"publish","type":"page","link":"https:\/\/viiiconference.ruralforum.org\/en\/","title":{"rendered":"home 10"},"content":{"rendered":"\t\t<div data-elementor-type=\"wp-post\" data-elementor-id=\"3413\" class=\"elementor elementor-3413 elementor-1903\" data-elementor-settings=\"{&quot;ha_cmc_init_switcher&quot;:&quot;no&quot;}\">\n\t\t\t\t\t\t<section class=\"elementor-section elementor-top-section elementor-element elementor-element-104cfe21 banner-shap elementor-section-boxed elementor-section-height-default elementor-section-height-default\" data-id=\"104cfe21\" data-element_type=\"section\" data-e-type=\"section\" id=\"home-principal\" data-settings=\"{&quot;background_background&quot;:&quot;classic&quot;,&quot;ekit_section_parallax_multi&quot;:&quot;yes&quot;,&quot;ekit_section_parallax_multi_items&quot;:[{&quot;parallax_style&quot;:&quot;onscroll&quot;,&quot;image&quot;:{&quot;url&quot;:&quot;&quot;,&quot;id&quot;:&quot;&quot;,&quot;size&quot;:&quot;&quot;,&quot;alt&quot;:&quot;&quot;,&quot;source&quot;:&quot;library&quot;},&quot;pos_x&quot;:{&quot;unit&quot;:&quot;%&quot;,&quot;size&quot;:0,&quot;sizes&quot;:[]},&quot;pos_y&quot;:{&quot;unit&quot;:&quot;%&quot;,&quot;size&quot;:28,&quot;sizes&quot;:[]},&quot;animation_speed&quot;:null,&quot;animation_iteration_count&quot;:null,&quot;parallax_speed&quot;:null,&quot;parallax_transform&quot;:&quot;translateX&quot;,&quot;parallax_transform_value&quot;:-50,&quot;zindex&quot;:0,&quot;_id&quot;:&quot;ef8f66c&quot;,&quot;item_source&quot;:&quot;image&quot;,&quot;shape&quot;:null,&quot;shape_color&quot;:null,&quot;width_type&quot;:&quot;&quot;,&quot;custom_width&quot;:null,&quot;source_rotate&quot;:{&quot;unit&quot;:&quot;deg&quot;,&quot;size&quot;:0,&quot;sizes&quot;:[]},&quot;parallax_blur_effect&quot;:{&quot;unit&quot;:&quot;px&quot;,&quot;size&quot;:0,&quot;sizes&quot;:[]},&quot;animation&quot;:null,&quot;animation_tablet&quot;:null,&quot;animation_mobile&quot;:null,&quot;item_opacity&quot;:&quot;1&quot;,&quot;animation_direction&quot;:null,&quot;smoothness&quot;:&quot;700&quot;,&quot;offsettop&quot;:&quot;0&quot;,&quot;offsetbottom&quot;:&quot;0&quot;,&quot;maxtilt&quot;:null,&quot;scale&quot;:null,&quot;disableaxis&quot;:null},{&quot;image&quot;:{&quot;url&quot;:&quot;&quot;,&quot;id&quot;:&quot;&quot;,&quot;size&quot;:&quot;&quot;},&quot;pos_x&quot;:{&quot;unit&quot;:&quot;%&quot;,&quot;size&quot;:64,&quot;sizes&quot;:[]},&quot;pos_y&quot;:{&quot;unit&quot;:&quot;%&quot;,&quot;size&quot;:6,&quot;sizes&quot;:[]},&quot;animation_speed&quot;:1,&quot;animation_iteration_count&quot;:&quot;unset&quot;,&quot;parallax_speed&quot;:null,&quot;zindex&quot;:0,&quot;_id&quot;:&quot;ddc6174&quot;,&quot;parallax_style&quot;:&quot;animation&quot;,&quot;item_source&quot;:&quot;image&quot;,&quot;shape&quot;:null,&quot;shape_color&quot;:null,&quot;width_type&quot;:&quot;&quot;,&quot;custom_width&quot;:null,&quot;source_rotate&quot;:{&quot;unit&quot;:&quot;deg&quot;,&quot;size&quot;:0,&quot;sizes&quot;:[]},&quot;parallax_blur_effect&quot;:{&quot;unit&quot;:&quot;px&quot;,&quot;size&quot;:0,&quot;sizes&quot;:[]},&quot;animation&quot;:&quot;ekit-fade&quot;,&quot;animation_tablet&quot;:&quot;&quot;,&quot;animation_mobile&quot;:&quot;&quot;,&quot;item_opacity&quot;:&quot;1&quot;,&quot;animation_direction&quot;:&quot;normal&quot;,&quot;parallax_transform&quot;:null,&quot;parallax_transform_value&quot;:null,&quot;smoothness&quot;:null,&quot;offsettop&quot;:null,&quot;offsetbottom&quot;:null,&quot;maxtilt&quot;:null,&quot;scale&quot;:null,&quot;disableaxis&quot;:null},{&quot;parallax_style&quot;:&quot;mousemove&quot;,&quot;image&quot;:{&quot;url&quot;:&quot;&quot;,&quot;id&quot;:&quot;&quot;,&quot;size&quot;:&quot;&quot;,&quot;alt&quot;:&quot;&quot;,&quot;source&quot;:&quot;library&quot;},&quot;pos_x&quot;:{&quot;unit&quot;:&quot;%&quot;,&quot;size&quot;:86,&quot;sizes&quot;:[]},&quot;pos_y&quot;:{&quot;unit&quot;:&quot;%&quot;,&quot;size&quot;:46,&quot;sizes&quot;:[]},&quot;animation_iteration_count&quot;:null,&quot;parallax_speed&quot;:80,&quot;zindex&quot;:1,&quot;_id&quot;:&quot;4601a70&quot;,&quot;item_source&quot;:&quot;image&quot;,&quot;shape&quot;:null,&quot;shape_color&quot;:null,&quot;width_type&quot;:&quot;&quot;,&quot;custom_width&quot;:null,&quot;source_rotate&quot;:{&quot;unit&quot;:&quot;deg&quot;,&quot;size&quot;:0,&quot;sizes&quot;:[]},&quot;parallax_blur_effect&quot;:{&quot;unit&quot;:&quot;px&quot;,&quot;size&quot;:0,&quot;sizes&quot;:[]},&quot;animation&quot;:null,&quot;animation_tablet&quot;:null,&quot;animation_mobile&quot;:null,&quot;item_opacity&quot;:&quot;1&quot;,&quot;animation_speed&quot;:null,&quot;animation_direction&quot;:null,&quot;parallax_transform&quot;:null,&quot;parallax_transform_value&quot;:null,&quot;smoothness&quot;:null,&quot;offsettop&quot;:null,&quot;offsetbottom&quot;:null,&quot;maxtilt&quot;:null,&quot;scale&quot;:null,&quot;disableaxis&quot;:null},{&quot;parallax_style&quot;:&quot;mousemove&quot;,&quot;image&quot;:{&quot;url&quot;:&quot;&quot;,&quot;id&quot;:&quot;&quot;,&quot;size&quot;:&quot;&quot;,&quot;alt&quot;:&quot;&quot;,&quot;source&quot;:&quot;library&quot;},&quot;source_rotate&quot;:{&quot;unit&quot;:&quot;deg&quot;,&quot;size&quot;:1,&quot;sizes&quot;:[]},&quot;pos_x&quot;:{&quot;unit&quot;:&quot;%&quot;,&quot;size&quot;:65,&quot;sizes&quot;:[]},&quot;pos_y&quot;:{&quot;unit&quot;:&quot;%&quot;,&quot;size&quot;:27,&quot;sizes&quot;:[]},&quot;animation_iteration_count&quot;:null,&quot;zindex&quot;:1,&quot;_id&quot;:&quot;08121f6&quot;,&quot;item_source&quot;:&quot;image&quot;,&quot;shape&quot;:null,&quot;shape_color&quot;:null,&quot;width_type&quot;:&quot;&quot;,&quot;custom_width&quot;:null,&quot;parallax_blur_effect&quot;:{&quot;unit&quot;:&quot;px&quot;,&quot;size&quot;:0,&quot;sizes&quot;:[]},&quot;animation&quot;:null,&quot;animation_tablet&quot;:null,&quot;animation_mobile&quot;:null,&quot;item_opacity&quot;:&quot;1&quot;,&quot;animation_speed&quot;:null,&quot;animation_direction&quot;:null,&quot;parallax_speed&quot;:40,&quot;parallax_transform&quot;:null,&quot;parallax_transform_value&quot;:null,&quot;smoothness&quot;:null,&quot;offsettop&quot;:null,&quot;offsetbottom&quot;:null,&quot;maxtilt&quot;:null,&quot;scale&quot;:null,&quot;disableaxis&quot;:null},{&quot;image&quot;:{&quot;url&quot;:&quot;&quot;,&quot;id&quot;:&quot;&quot;,&quot;size&quot;:&quot;&quot;},&quot;pos_x&quot;:{&quot;unit&quot;:&quot;%&quot;,&quot;size&quot;:88,&quot;sizes&quot;:[]},&quot;pos_y&quot;:{&quot;unit&quot;:&quot;%&quot;,&quot;size&quot;:20,&quot;sizes&quot;:[]},&quot;animation&quot;:&quot;tada&quot;,&quot;animation_speed&quot;:10,&quot;parallax_speed&quot;:null,&quot;zindex&quot;:0,&quot;_id&quot;:&quot;d9884a0&quot;,&quot;parallax_style&quot;:&quot;animation&quot;,&quot;item_source&quot;:&quot;image&quot;,&quot;shape&quot;:null,&quot;shape_color&quot;:null,&quot;width_type&quot;:&quot;&quot;,&quot;custom_width&quot;:null,&quot;source_rotate&quot;:{&quot;unit&quot;:&quot;deg&quot;,&quot;size&quot;:0,&quot;sizes&quot;:[]},&quot;parallax_blur_effect&quot;:{&quot;unit&quot;:&quot;px&quot;,&quot;size&quot;:0,&quot;sizes&quot;:[]},&quot;animation_tablet&quot;:&quot;&quot;,&quot;animation_mobile&quot;:&quot;&quot;,&quot;item_opacity&quot;:&quot;1&quot;,&quot;animation_iteration_count&quot;:&quot;infinite&quot;,&quot;animation_direction&quot;:&quot;normal&quot;,&quot;parallax_transform&quot;:null,&quot;parallax_transform_value&quot;:null,&quot;smoothness&quot;:null,&quot;offsettop&quot;:null,&quot;offsetbottom&quot;:null,&quot;maxtilt&quot;:null,&quot;scale&quot;:null,&quot;disableaxis&quot;:null},{&quot;image&quot;:{&quot;url&quot;:&quot;&quot;,&quot;id&quot;:&quot;&quot;,&quot;size&quot;:&quot;&quot;},&quot;pos_x&quot;:{&quot;unit&quot;:&quot;%&quot;,&quot;size&quot;:82,&quot;sizes&quot;:[]},&quot;pos_y&quot;:{&quot;unit&quot;:&quot;%&quot;,&quot;size&quot;:16,&quot;sizes&quot;:[]},&quot;animation&quot;:&quot;swing&quot;,&quot;animation_speed&quot;:6,&quot;parallax_speed&quot;:null,&quot;zindex&quot;:0,&quot;_id&quot;:&quot;37e5410&quot;,&quot;parallax_style&quot;:&quot;animation&quot;,&quot;item_source&quot;:&quot;image&quot;,&quot;shape&quot;:null,&quot;shape_color&quot;:null,&quot;width_type&quot;:&quot;&quot;,&quot;custom_width&quot;:null,&quot;source_rotate&quot;:{&quot;unit&quot;:&quot;deg&quot;,&quot;size&quot;:0,&quot;sizes&quot;:[]},&quot;parallax_blur_effect&quot;:{&quot;unit&quot;:&quot;px&quot;,&quot;size&quot;:0,&quot;sizes&quot;:[]},&quot;animation_tablet&quot;:&quot;&quot;,&quot;animation_mobile&quot;:&quot;&quot;,&quot;item_opacity&quot;:&quot;1&quot;,&quot;animation_iteration_count&quot;:&quot;infinite&quot;,&quot;animation_direction&quot;:&quot;normal&quot;,&quot;parallax_transform&quot;:null,&quot;parallax_transform_value&quot;:null,&quot;smoothness&quot;:null,&quot;offsettop&quot;:null,&quot;offsetbottom&quot;:null,&quot;maxtilt&quot;:null,&quot;scale&quot;:null,&quot;disableaxis&quot;:null},{&quot;image&quot;:{&quot;url&quot;:&quot;&quot;,&quot;id&quot;:&quot;&quot;,&quot;size&quot;:&quot;&quot;},&quot;pos_x&quot;:{&quot;unit&quot;:&quot;%&quot;,&quot;size&quot;:74,&quot;sizes&quot;:[]},&quot;pos_y&quot;:{&quot;unit&quot;:&quot;%&quot;,&quot;size&quot;:18,&quot;sizes&quot;:[]},&quot;animation&quot;:&quot;tada&quot;,&quot;zindex&quot;:0,&quot;_id&quot;:&quot;6a0bce7&quot;,&quot;parallax_style&quot;:&quot;animation&quot;,&quot;item_source&quot;:&quot;image&quot;,&quot;shape&quot;:null,&quot;shape_color&quot;:null,&quot;width_type&quot;:&quot;&quot;,&quot;custom_width&quot;:null,&quot;source_rotate&quot;:{&quot;unit&quot;:&quot;deg&quot;,&quot;size&quot;:0,&quot;sizes&quot;:[]},&quot;parallax_blur_effect&quot;:{&quot;unit&quot;:&quot;px&quot;,&quot;size&quot;:0,&quot;sizes&quot;:[]},&quot;animation_tablet&quot;:&quot;&quot;,&quot;animation_mobile&quot;:&quot;&quot;,&quot;item_opacity&quot;:&quot;1&quot;,&quot;animation_speed&quot;:&quot;5&quot;,&quot;animation_iteration_count&quot;:&quot;infinite&quot;,&quot;animation_direction&quot;:&quot;normal&quot;,&quot;parallax_speed&quot;:null,&quot;parallax_transform&quot;:null,&quot;parallax_transform_value&quot;:null,&quot;smoothness&quot;:null,&quot;offsettop&quot;:null,&quot;offsetbottom&quot;:null,&quot;maxtilt&quot;:null,&quot;scale&quot;:null,&quot;disableaxis&quot;:null}],&quot;_ha_eqh_enable&quot;:false}\">\n\t\t\t\t\t\t\t<div class=\"elementor-background-overlay\"><\/div>\n\t\t\t\t\t\t\t<div class=\"elementor-container elementor-column-gap-default\">\n\t\t\t\t\t<div class=\"elementor-column elementor-col-100 elementor-top-column elementor-element elementor-element-313a5be8\" data-id=\"313a5be8\" data-element_type=\"column\" data-e-type=\"column\">\n\t\t\t<div class=\"elementor-widget-wrap elementor-element-populated\">\n\t\t\t\t\t\t<div class=\"elementor-element elementor-element-fe907a6 elementor-widget elementor-widget-html\" data-id=\"fe907a6\" data-element_type=\"widget\" data-e-type=\"widget\" data-settings=\"{&quot;ekit_we_effect_on&quot;:&quot;none&quot;}\" data-widget_type=\"html.default\">\n\t\t\t\t<div class=\"elementor-widget-container\">\n\t\t\t\t\t<div id=\"contCuadrosHome\">\n    <div class=\"homeCuadro\">\n      <p>19 - 21<\/p>\n      <p>March 2024<\/p>\n    <\/div>\n    <div class=\"homeCuadro\">\n      <p><a href=\"https:\/\/www.google.com\/maps\/place\/Palacio+de+Congresos+Europa\/@42.8520888,-2.6836389,17z\/data=!3m1!4b1!4m6!3m5!1s0xd4fc23fce022835:0x6ebe0a7818811287!8m2!3d42.8520888!4d-2.681064!16s%2Fg%2F1hc0zds67?entry=ttu\" target=\"_blank\">EUROPA PALACE<\/a><\/p>\n      <p>VITORIA-GASTEIZ<\/p>\n    <\/div>\n  <\/div>\t\t\t\t<\/div>\n\t\t\t\t<\/div>\n\t\t\t\t<div class=\"elementor-element elementor-element-1daf2084 elementor-widget elementor-widget-heading\" data-id=\"1daf2084\" data-element_type=\"widget\" data-e-type=\"widget\" data-settings=\"{&quot;ekit_we_effect_on&quot;:&quot;none&quot;}\" data-widget_type=\"heading.default\">\n\t\t\t\t<div class=\"elementor-widget-container\">\n\t\t\t\t\t<h2 class=\"elementor-heading-title elementor-size-default\">VIII Global Conference<\/h2>\t\t\t\t<\/div>\n\t\t\t\t<\/div>\n\t\t\t\t<div class=\"elementor-element elementor-element-4a42943f elementor-widget elementor-widget-heading\" data-id=\"4a42943f\" data-element_type=\"widget\" data-e-type=\"widget\" data-settings=\"{&quot;ekit_we_effect_on&quot;:&quot;none&quot;}\" data-widget_type=\"heading.default\">\n\t\t\t\t<div class=\"elementor-widget-container\">\n\t\t\t\t\t<h2 class=\"elementor-heading-title elementor-size-default\">FAMILY FARMING:<\/h2>\t\t\t\t<\/div>\n\t\t\t\t<\/div>\n\t\t\t\t<div class=\"elementor-element elementor-element-9779625 elementor-widget elementor-widget-heading\" data-id=\"9779625\" data-element_type=\"widget\" data-e-type=\"widget\" data-settings=\"{&quot;ekit_we_effect_on&quot;:&quot;none&quot;}\" data-widget_type=\"heading.default\">\n\t\t\t\t<div class=\"elementor-widget-container\">\n\t\t\t\t\t<h2 class=\"elementor-heading-title elementor-size-default\">SUSTAINABILITY<br>OF OUR PLANET<\/h2>\t\t\t\t<\/div>\n\t\t\t\t<\/div>\n\t\t\t\t<section class=\"elementor-section elementor-inner-section elementor-element elementor-element-8d5952b elementor-section-boxed elementor-section-height-default elementor-section-height-default\" data-id=\"8d5952b\" data-element_type=\"section\" data-e-type=\"section\" id=\"contTwitter\" data-settings=\"{&quot;background_background&quot;:&quot;classic&quot;,&quot;_ha_eqh_enable&quot;:false}\">\n\t\t\t\t\t\t<div class=\"elementor-container elementor-column-gap-default\">\n\t\t\t\t\t<div class=\"elementor-column elementor-col-66 elementor-inner-column elementor-element elementor-element-e1da76a\" data-id=\"e1da76a\" data-element_type=\"column\" data-e-type=\"column\">\n\t\t\t<div class=\"elementor-widget-wrap elementor-element-populated\">\n\t\t\t\t\t\t<div class=\"elementor-element elementor-element-d10c9be elementor-widget elementor-widget-exhibz-latestnews\" data-id=\"d10c9be\" data-element_type=\"widget\" data-e-type=\"widget\" id=\"homeNoticias\" data-settings=\"{&quot;ekit_we_effect_on&quot;:&quot;none&quot;}\" data-widget_type=\"exhibz-latestnews.default\">\n\t\t\t\t<div class=\"elementor-widget-container\">\n\t\t\t\t\t<div class=\"row\">\n     <div class=\"col-lg-6 fadeInUp\">\n      <div class=\"post\">\n                  <div class=\"post-body\">\n            <div class=\"post-meta\">\n                \n               <span class=\"post-meta-date\">\n                <i class=\"icon icon-calendar\"><\/i>\n                  March 21, 2024 \n               <\/span>\n            <\/div>\n            <div class=\"entry-header\">\n               <h2 class=\"entry-title\">\n                  <a href=\"https:\/\/viiiconference.ruralforum.org\/en\/?post_type=post&p=7340\">The VIII Global Conference of the WRF concludes with a Final Declaration that recognises the \"vital\" role of family farmers for a sustainable planet <\/a>\n               <\/h2>\n            <\/div>\n            <!-- header end -->\n            <div class=\"entry-content\">\n                \n            <\/div>\n            <div class=\"post-footer\">\n                \n            <\/div>\n         <\/div>\n         <!-- post-body end -->\n      <\/div>\n      <!-- post end-->\n   <\/div>\n      <div class=\"col-lg-6 fadeInUp\">\n      <div class=\"post\">\n                  <div class=\"post-body\">\n            <div class=\"post-meta\">\n                \n               <span class=\"post-meta-date\">\n                <i class=\"icon icon-calendar\"><\/i>\n                  March 20, 2024 \n               <\/span>\n            <\/div>\n            <div class=\"entry-header\">\n               <h2 class=\"entry-title\">\n                  <a href=\"https:\/\/viiiconference.ruralforum.org\/en\/?post_type=post&p=7323\">\"The role of family farmers is essential for the future of the planet\" <\/a>\n               <\/h2>\n            <\/div>\n            <!-- header end -->\n            <div class=\"entry-content\">\n                \n            <\/div>\n            <div class=\"post-footer\">\n                \n            <\/div>\n         <\/div>\n         <!-- post-body end -->\n      <\/div>\n      <!-- post end-->\n   <\/div>\n      <div class=\"col-lg-6 fadeInUp\">\n      <div class=\"post\">\n                  <div class=\"post-body\">\n            <div class=\"post-meta\">\n                \n               <span class=\"post-meta-date\">\n                <i class=\"icon icon-calendar\"><\/i>\n                  March 19, 2024 \n               <\/span>\n            <\/div>\n            <div class=\"entry-header\">\n               <h2 class=\"entry-title\">\n                  <a href=\"https:\/\/viiiconference.ruralforum.org\/en\/?post_type=post&p=7304\">LETTER OF SUPPORT FOR THE DECLARATION OF THE INTERNATIONAL DAY OF YOUNG FARMERS <\/a>\n               <\/h2>\n            <\/div>\n            <!-- header end -->\n            <div class=\"entry-content\">\n                \n            <\/div>\n            <div class=\"post-footer\">\n                \n            <\/div>\n         <\/div>\n         <!-- post-body end -->\n      <\/div>\n      <!-- post end-->\n   <\/div>\n    \n<\/div> <!-- row end -->\n   \t\t\t\t<\/div>\n\t\t\t\t<\/div>\n\t\t\t\t\t<\/div>\n\t\t<\/div>\n\t\t\t\t<div class=\"elementor-column elementor-col-33 elementor-inner-column elementor-element elementor-element-99fe4a5\" data-id=\"99fe4a5\" data-element_type=\"column\" data-e-type=\"column\">\n\t\t\t<div class=\"elementor-widget-wrap\">\n\t\t\t\t\t\t\t<\/div>\n\t\t<\/div>\n\t\t\t\t\t<\/div>\n\t\t<\/section>\n\t\t\t\t\t<\/div>\n\t\t<\/div>\n\t\t\t\t\t<\/div>\n\t\t<\/section>\n\t\t\t\t<section class=\"elementor-section elementor-top-section elementor-element elementor-element-7494591 ts-funfacts elementor-section-boxed elementor-section-height-default elementor-section-height-default\" data-id=\"7494591\" data-element_type=\"section\" data-e-type=\"section\" id=\"sectionCounter\" data-settings=\"{&quot;background_background&quot;:&quot;classic&quot;,&quot;_ha_eqh_enable&quot;:false}\">\n\t\t\t\t\t\t<div class=\"elementor-container elementor-column-gap-default\">\n\t\t\t\t\t<div class=\"elementor-column elementor-col-25 elementor-top-column elementor-element elementor-element-1630b6c text-left elementor-invisible\" data-id=\"1630b6c\" data-element_type=\"column\" data-e-type=\"column\" data-settings=\"{&quot;animation&quot;:&quot;fadeInUp&quot;,&quot;animation_delay&quot;:300}\">\n\t\t\t<div class=\"elementor-widget-wrap elementor-element-populated\">\n\t\t\t\t\t\t<div class=\"elementor-element elementor-element-07b90cc text-left ha-has-bg-overlay elementor-widget elementor-widget-counter\" data-id=\"07b90cc\" data-element_type=\"widget\" data-e-type=\"widget\" data-settings=\"{&quot;ekit_we_effect_on&quot;:&quot;none&quot;}\" data-widget_type=\"counter.default\">\n\t\t\t\t<div class=\"elementor-widget-container\">\n\t\t\t\t\t\t\t<div class=\"elementor-counter\">\n\t\t\t<div class=\"elementor-counter-title\">Years of the United Nations\u2019 Decade for Family Farming<\/div>\t\t\t<div class=\"elementor-counter-number-wrapper\">\n\t\t\t\t<span class=\"elementor-counter-number-prefix\"><\/span>\n\t\t\t\t<span class=\"elementor-counter-number\" data-duration=\"2000\" data-to-value=\"5\" data-from-value=\"\"><\/span>\n\t\t\t\t<span class=\"elementor-counter-number-suffix\"><\/span>\n\t\t\t<\/div>\n\t\t<\/div>\n\t\t\t\t\t\t<\/div>\n\t\t\t\t<\/div>\n\t\t\t\t\t<\/div>\n\t\t<\/div>\n\t\t\t\t<div class=\"elementor-column elementor-col-25 elementor-top-column elementor-element elementor-element-708a44c elementor-invisible\" data-id=\"708a44c\" data-element_type=\"column\" data-e-type=\"column\" data-settings=\"{&quot;animation&quot;:&quot;fadeInUp&quot;,&quot;animation_delay&quot;:350}\">\n\t\t\t<div class=\"elementor-widget-wrap elementor-element-populated\">\n\t\t\t\t\t\t<div class=\"elementor-element elementor-element-6cf63c3 text-left ha-has-bg-overlay elementor-widget elementor-widget-counter\" data-id=\"6cf63c3\" data-element_type=\"widget\" data-e-type=\"widget\" data-settings=\"{&quot;ekit_we_effect_on&quot;:&quot;none&quot;}\" data-widget_type=\"counter.default\">\n\t\t\t\t<div class=\"elementor-widget-container\">\n\t\t\t\t\t\t\t<div class=\"elementor-counter\">\n\t\t\t<div class=\"elementor-counter-title\">Anniversary of the World Rural Forum<\/div>\t\t\t<div class=\"elementor-counter-number-wrapper\">\n\t\t\t\t<span class=\"elementor-counter-number-prefix\"><\/span>\n\t\t\t\t<span class=\"elementor-counter-number\" data-duration=\"2000\" data-to-value=\"25\" data-from-value=\"\"><\/span>\n\t\t\t\t<span class=\"elementor-counter-number-suffix\">th<\/span>\n\t\t\t<\/div>\n\t\t<\/div>\n\t\t\t\t\t\t<\/div>\n\t\t\t\t<\/div>\n\t\t\t\t\t<\/div>\n\t\t<\/div>\n\t\t\t\t<div class=\"elementor-column elementor-col-25 elementor-top-column elementor-element elementor-element-7fc6bcc elementor-invisible\" data-id=\"7fc6bcc\" data-element_type=\"column\" data-e-type=\"column\" data-settings=\"{&quot;animation&quot;:&quot;fadeInUp&quot;,&quot;animation_delay&quot;:400}\">\n\t\t\t<div class=\"elementor-widget-wrap elementor-element-populated\">\n\t\t\t\t\t\t<div class=\"elementor-element elementor-element-5b48c69 ha-has-bg-overlay elementor-widget elementor-widget-counter\" data-id=\"5b48c69\" data-element_type=\"widget\" data-e-type=\"widget\" data-settings=\"{&quot;ekit_we_effect_on&quot;:&quot;none&quot;}\" data-widget_type=\"counter.default\">\n\t\t\t\t<div class=\"elementor-widget-container\">\n\t\t\t\t\t\t\t<div class=\"elementor-counter\">\n\t\t\t<div class=\"elementor-counter-title\">Million family farmers represented<\/div>\t\t\t<div class=\"elementor-counter-number-wrapper\">\n\t\t\t\t<span class=\"elementor-counter-number-prefix\">+<\/span>\n\t\t\t\t<span class=\"elementor-counter-number\" data-duration=\"2000\" data-to-value=\"35\" data-from-value=\"\"><\/span>\n\t\t\t\t<span class=\"elementor-counter-number-suffix\"><\/span>\n\t\t\t<\/div>\n\t\t<\/div>\n\t\t\t\t\t\t<\/div>\n\t\t\t\t<\/div>\n\t\t\t\t\t<\/div>\n\t\t<\/div>\n\t\t\t\t<div class=\"elementor-column elementor-col-25 elementor-top-column elementor-element elementor-element-7af5b4b elementor-invisible\" data-id=\"7af5b4b\" data-element_type=\"column\" data-e-type=\"column\" data-settings=\"{&quot;animation&quot;:&quot;fadeInUp&quot;,&quot;animation_delay&quot;:450}\">\n\t\t\t<div class=\"elementor-widget-wrap elementor-element-populated\">\n\t\t\t\t\t\t<div class=\"elementor-element elementor-element-33873c2 ha-has-bg-overlay elementor-widget elementor-widget-counter\" data-id=\"33873c2\" data-element_type=\"widget\" data-e-type=\"widget\" data-settings=\"{&quot;ekit_we_effect_on&quot;:&quot;none&quot;}\" data-widget_type=\"counter.default\">\n\t\t\t\t<div class=\"elementor-widget-container\">\n\t\t\t\t\t\t\t<div class=\"elementor-counter\">\n\t\t\t<div class=\"elementor-counter-title\">Countries represented<\/div>\t\t\t<div class=\"elementor-counter-number-wrapper\">\n\t\t\t\t<span class=\"elementor-counter-number-prefix\">+<\/span>\n\t\t\t\t<span class=\"elementor-counter-number\" data-duration=\"2000\" data-to-value=\"100\" data-from-value=\"\"><\/span>\n\t\t\t\t<span class=\"elementor-counter-number-suffix\"><\/span>\n\t\t\t<\/div>\n\t\t<\/div>\n\t\t\t\t\t\t<\/div>\n\t\t\t\t<\/div>\n\t\t\t\t\t<\/div>\n\t\t<\/div>\n\t\t\t\t\t<\/div>\n\t\t<\/section>\n\t\t\t\t<section class=\"elementor-section elementor-top-section elementor-element elementor-element-9cb5117 elementor-section-boxed elementor-section-height-default elementor-section-height-default\" data-id=\"9cb5117\" data-element_type=\"section\" data-e-type=\"section\" data-settings=\"{&quot;_ha_eqh_enable&quot;:false}\">\n\t\t\t\t\t\t\t<div class=\"elementor-background-overlay\"><\/div>\n\t\t\t\t\t\t\t<div class=\"elementor-container elementor-column-gap-default\">\n\t\t\t\t\t<div class=\"elementor-column elementor-col-100 elementor-top-column elementor-element elementor-element-9e5e6f5\" data-id=\"9e5e6f5\" data-element_type=\"column\" data-e-type=\"column\">\n\t\t\t<div class=\"elementor-widget-wrap elementor-element-populated\">\n\t\t\t\t\t\t<div class=\"elementor-element elementor-element-30916a6 elementor-widget elementor-widget-exhibz-schedule\" data-id=\"30916a6\" data-element_type=\"widget\" data-e-type=\"widget\" id=\"contHomeSchedule\" data-settings=\"{&quot;ekit_we_effect_on&quot;:&quot;none&quot;}\" data-widget_type=\"exhibz-schedule.default\">\n\t\t\t\t<div class=\"elementor-widget-container\">\n\t\t\t\t\t<section class=\"ts-schedule\">\n   <div class=\"container\">\n      <div class=\"row\">\n         <div class=\"col-lg-8 mx-auto\">\n            <div class=\"ts-schedule-nav\">\n               <ul id=\"selectorSuperior\" class=\"nav nav-tabs justify-content-center\" role=\"tablist\">\n                                                               <li class=\"nav-item\" role=\"presentation\">\n                           <a class=\"active\" title=\"March 19\" href=\"#date30916a61\" role=\"tab\" data-toggle=\"tab\">\n                              <h3>March 19<\/h3>\n                                                               <span>Tuesday<\/span>\n                                                         <\/a>\n                        <\/li>\n                                                                                    <li class=\"nav-item\" role=\"presentation\">\n                           <a class=\"\" title=\"March 20\" href=\"#date30916a62\" role=\"tab\" data-toggle=\"tab\">\n                              <h3>March 20<\/h3>\n                                                               <span>Wednesday<\/span>\n                                                         <\/a>\n                        <\/li>\n                                                                                    <li class=\"nav-item\" role=\"presentation\">\n                           <a class=\"\" title=\"March 21\" href=\"#date30916a63\" role=\"tab\" data-toggle=\"tab\">\n                              <h3>March 21<\/h3>\n                                                               <span>Thursday<\/span>\n                                                         <\/a>\n                        <\/li>\n                                                                                    <li class=\"nav-item\" role=\"presentation\">\n                           <a class=\"\" title=\"March 22\" href=\"#date30916a64\" role=\"tab\" data-toggle=\"tab\">\n                              <h3>March 22<\/h3>\n                                                               <span>Friday<\/span>\n                                                         <\/a>\n                        <\/li>\n                                                      <\/ul>\n               <!-- Tab panes -->\n            <\/div>\n         <\/div>\n         <!-- col end-->\n      <\/div>\n      <!-- row end-->\n      <div class=\"row\">\n         <div class=\"col-lg-12\">\n            <div class=\"tab-content schedule-tabs schedule-tabs-item\">\n                                                      <div role=\"tabpanel\" class=\"tab-pane active\" id=\"date30916a61\">\n                        <ul>\n                                                                                       <li>\n                                 <div class=\"schedule-listing-item  schedule-left \">\n\n                                                                        <span class=\"schedule-slot-time\">9:00 <\/span>\n                                    <div class=\"schedule-speaker\">\n                                                                           <\/div>\n                                    <h3 class=\"schedule-slot-title\">Accreditations<\/h3>\n\n                                    <p>\n                                                                           <\/p>\n\t\t\t\t\t\t\t\t\t \n\t\t\t\t\t\t\t\t\t \n\t\t\t\t\t\t\t\t\t<!-- Aqu\u00ed hay que meter los speakers --> \n\n\n\n\n\n\n\n                                 <\/div>\n                              <\/li>\n                              <!-- col end-->\n                                                                                       <li>\n                                 <div class=\"schedule-listing-item  schedule-right \">\n\n                                                                        <span class=\"schedule-slot-time\">9:30 <\/span>\n                                    <div class=\"schedule-speaker\">\n                                                                           <\/div>\n                                    <h3 class=\"schedule-slot-title\">Message from Pope Francis to the Conference on Family Farming<\/h3>\n\n                                    <p>\n                                       <div class=\"intro-texto\"><p>Reading by the Bishop of Vitoria-Gasteiz, Monsignor Juan Carlos Elizalde<\/p><\/div>                                    <\/p>\n\t\t\t\t\t\t\t\t\t \n\t\t\t\t\t\t\t\t\t \n\t\t\t\t\t\t\t\t\t<!-- Aqu\u00ed hay que meter los speakers --> \n\n\n\n\n\n\n\n                                 <\/div>\n                              <\/li>\n                              <!-- col end-->\n                                                                                       <li>\n                                 <div class=\"schedule-listing-item  schedule-left \">\n\n                                                                        <span class=\"schedule-slot-time\">9:35 am - 10:30 am <\/span>\n                                    <div class=\"schedule-speaker\">\n                                                                           <\/div>\n                                    <h3 class=\"schedule-slot-title\"><\/h3>\n\n                                    <p>\n                                       <div class=\"agendaTituloEvento\"><h4>Opening Table<\/h4><\/div><div class=\"contSpeakers\"><div class=\"agendaBoxSpeaker\"><div><img decoding=\"async\" class=\"agendaSpeakerImg\" src=\"https:\/\/viiiconference.ruralforum.org\/wp-content\/uploads\/2024\/01\/martin-uriarte-1.jpg\" alt=\"Mart\u00edn Uriarte\" \/><\/div><div class=\"agendaSpeakerName\"><h3>Mr. Mart\u00edn Uriarte<\/h3><p>President, World Rural Forum<br \/><em>Confirmed<\/em><\/p><\/div><\/div><div class=\"agendaBoxSpeaker\"><div><img decoding=\"async\" class=\"agendaSpeakerImg\" src=\"https:\/\/viiiconference.ruralforum.org\/wp-content\/uploads\/2024\/02\/Ramiro-Gonzalez_Agenda-dia-1-e1707734457542.jpg\" alt=\"\" \/><\/div><div class=\"agendaSpeakerName\"><h3><a href=\"https:\/\/viiiconference.ruralforum.org\/en\/speakers\/ramiro-gonzalez\/\">Mr. Ramiro Gonzalez<\/a><\/h3><p>General Deputy, Provincial Council of Alava<br \/><em>Confirmed<\/em><\/p><\/div><\/div><div class=\"agendaBoxSpeaker\"><div><img decoding=\"async\" class=\"agendaSpeakerImg\" src=\"https:\/\/viiiconference.ruralforum.org\/wp-content\/uploads\/2024\/01\/MAIDER-ETXEBARRIA.jpg\" alt=\"Maider Etxeberria\" \/><\/div><div class=\"agendaSpeakerName\"><h3>Ms. Maider Etxeberria<\/h3><p>Mayoress, Vitoria-Gasteiz<br \/><em>Confirmed<\/em><\/p><\/div><\/div><div class=\"agendaBoxSpeaker\"><div><img decoding=\"async\" class=\"agendaSpeakerImg\" src=\"https:\/\/viiiconference.ruralforum.org\/wp-content\/uploads\/2024\/03\/Maria-Begona-e1710169874854.jpg\" alt=\"\" \/><\/div><div class=\"agendaSpeakerName\"><h3>Ms. Mar\u00eda Bego\u00f1a Garc\u00eda Bernal<\/h3><p>Secretary of State for Agriculture and Food, Government of Spain<br \/><em>Confirmed<\/em><\/p><\/div><\/div><div class=\"agendaBoxSpeaker\"><div><img decoding=\"async\" class=\"agendaSpeakerImg\" src=\"https:\/\/viiiconference.ruralforum.org\/wp-content\/uploads\/2024\/03\/Bittor-e1710321757318.jpg\" alt=\"\" \/><\/div><div class=\"agendaSpeakerName\"><h3>Mr. Bittor Oroz<\/h3><p>Vice-minister of Agriculture, Fisheries and Food Policy, Basque Government<br \/><em>Confirmed<\/em><\/p><\/div><\/div><div class=\"agendaBoxSpeaker\"><div><img decoding=\"async\" class=\"agendaSpeakerImg\" src=\"https:\/\/viiiconference.ruralforum.org\/wp-content\/uploads\/2024\/01\/josefa-sacko.jpg\" alt=\"\" \/><\/div><div class=\"agendaSpeakerName\"><h3>Ms. Josefa Leonel Sacko<\/h3><p>Commissioner for Rural Economy and Agriculture of the African Union<br \/><em>Video message. Confirmed<\/em><\/p><\/div><\/div><\/div>                                    <\/p>\n\t\t\t\t\t\t\t\t\t \n\t\t\t\t\t\t\t\t\t \n\t\t\t\t\t\t\t\t\t<!-- Aqu\u00ed hay que meter los speakers --> \n\n\n\n\n\n\n\n                                 <\/div>\n                              <\/li>\n                              <!-- col end-->\n                                                                                       <li>\n                                 <div class=\"schedule-listing-item  schedule-right \">\n\n                                                                        <span class=\"schedule-slot-time\">10:30 am - 11:00 am <\/span>\n                                    <div class=\"schedule-speaker\">\n                                                                           <\/div>\n                                    <h3 class=\"schedule-slot-title\">The Leading Role of Family Farming in the Sustainability of the Planet<\/h3>\n\n                                    <p>\n                                       <div class=\"agendaTituloEvento\"><h4>Introductory Remarks<\/h4><\/div><div class=\"contSpeakers\"><div class=\"agendaBoxSpeaker\"><div><a href=\"https:\/\/viiiconference.ruralforum.org\/en\/speakers\/alvaro-lario\/\"><img decoding=\"async\" class=\"agendaSpeakerImg\" src=\"https:\/\/viiiconference.ruralforum.org\/wp-content\/uploads\/2024\/01\/alvaro-lario.jpg\" alt=\"Alvaro Lario\" \/><\/a><\/div><div class=\"agendaSpeakerName\"><h3><a href=\"https:\/\/viiiconference.ruralforum.org\/en\/speakers\/alvaro-lario\/\">Mr. \u00c1lvaro Lario<\/a><\/h3><p>President, International Fund for Agricultural Development (IFAD)<br \/><em>Confirmed<\/em><\/p><\/div><\/div><div class=\"agendaBoxSpeaker\"><div><img decoding=\"async\" class=\"agendaSpeakerImg\" src=\"https:\/\/viiiconference.ruralforum.org\/wp-content\/uploads\/2024\/01\/marcela-villareal.jpg\" alt=\"\" \/><\/div><div class=\"agendaSpeakerName\"><h3><a href=\"https:\/\/viiiconference.ruralforum.org\/en\/speakers\/marcela-villareal\/\">Ms. Marcela Villarreal<\/a><\/h3><p>Director, Partnerships and UN Collaboration Division, FAO<br \/><em>Confirmed<\/em><\/p><\/div><\/div><\/div>                                    <\/p>\n\t\t\t\t\t\t\t\t\t \n\t\t\t\t\t\t\t\t\t \n\t\t\t\t\t\t\t\t\t<!-- Aqu\u00ed hay que meter los speakers --> \n\n\n\n\n\n\n\n                                 <\/div>\n                              <\/li>\n                              <!-- col end-->\n                                                                                 <\/ul>\n                        <!-- row end-->\n                     <\/div>\n                     <!-- tab pane end-->\n                                                         <div role=\"tabpanel\" class=\"tab-pane\" id=\"date30916a62\">\n                        <ul>\n                                                                                       <li>\n                                 <div class=\"schedule-listing-item  schedule-left \">\n                                                                        <span class=\"schedule-slot-time\">9:00 am - 9:30 am <\/span>\n                                    <div class=\"schedule-speaker\">\n                                                                           <\/div>\n                                    <h3 class=\"schedule-slot-title\">Rural Youth: leadership, present and future the transformation of food systems<\/h3>\n\n                                    <p>\n                                       <div class=\"agendaTituloEvento\"><h4>Opening session<\/h4><\/div><div class=\"contSpeakers\"><div class=\"agendaBoxSpeaker\"><div><img decoding=\"async\" class=\"agendaSpeakerImg\" src=\"https:\/\/viiiconference.ruralforum.org\/wp-content\/uploads\/2024\/02\/ElisendaEstruchPuertas_photo.jpg\" alt=\"\/\" \/><\/div><div class=\"agendaSpeakerName\"><h3><a href=\"https:\/\/viiiconference.ruralforum.org\/en\/speakers\/elisenda-estruch-puertas\/\">Ms. Elisenda Estruch-Puertas<\/a><\/h3><p>Economy Specialist for Sectoral Policies Department, ILO<br \/><em>Video message. Confirmed<\/em><\/p><\/div><\/div><div class=\"agendaBoxSpeaker\"><div><img decoding=\"async\" class=\"agendaSpeakerImg\" src=\"https:\/\/viiiconference.ruralforum.org\/wp-content\/uploads\/2024\/01\/Babafemi.jpg\" alt=\"Babafemi Oyewole\" \/><\/div><div class=\"agendaSpeakerName\"><h3><a href=\"https:\/\/viiiconference.ruralforum.org\/en\/speakers\/babafemi-oyewole\/\">Mr. Babafemi Oyewole<\/a><\/h3><p>Executive director, PAFO<br \/><em>Confirmed<\/em><\/p><\/div><\/div><div class=\"agendaBoxSpeaker\"><div><img decoding=\"async\" class=\"agendaSpeakerImg\" src=\"https:\/\/viiiconference.ruralforum.org\/wp-content\/uploads\/2024\/01\/no-user-image.gif\" alt=\"\" \/><\/div><div class=\"agendaSpeakerName\"><h3>Representatives of the Family Farming Youth Core Group<\/h3><\/div><\/div><\/div>                                    <\/p>\n                                 <\/div>\n                              <\/li>\n                              <!-- col end-->\n                                                                                       <li>\n                                 <div class=\"schedule-listing-item  schedule-right \">\n                                                                        <span class=\"schedule-slot-time\">9:30 am - 9:40 am <\/span>\n                                    <div class=\"schedule-speaker\">\n                                                                           <\/div>\n                                    <h3 class=\"schedule-slot-title\">Meanings of sustainability in family farming<\/h3>\n\n                                    <p>\n                                       <div class=\"agendaTituloEvento\"><h4>Introductory Speech<\/h4><\/div><div class=\"contSpeakers\"><div class=\"agendaBoxSpeaker\"><div><img decoding=\"async\" class=\"agendaSpeakerImg\" src=\"https:\/\/viiiconference.ruralforum.org\/wp-content\/uploads\/2024\/01\/pepe-mujica.jpg\" alt=\"Pepe M\u00fajica\" \/><\/div><div class=\"agendaSpeakerName\"><h3>Mr. Pepe M\u00fajica<\/h3><p>Former President of Uruguay.<br \/><em>Video message. Confirmed<\/em><\/p><\/div><\/div><\/div>                                    <\/p>\n                                 <\/div>\n                              <\/li>\n                              <!-- col end-->\n                                                                                       <li>\n                                 <div class=\"schedule-listing-item  schedule-left \">\n                                                                        <span class=\"schedule-slot-time\">9:40 am - 11:00 am <\/span>\n                                    <div class=\"schedule-speaker\">\n                                                                           <\/div>\n                                    <h3 class=\"schedule-slot-title\">New alliances to address environmental, social and food challenges<\/h3>\n\n                                    <p>\n                                       <div class=\"agendaTituloEvento\"><h4>Roundtable<\/h4><\/div><div class=\"contSpeakers\"><div class=\"agendaBoxSpeaker\"><div><img decoding=\"async\" class=\"agendaSpeakerImg\" src=\"https:\/\/viiiconference.ruralforum.org\/wp-content\/uploads\/2024\/03\/Director-INDAP-e1710512840849.jpeg\" alt=\"\" \/><\/div><div class=\"agendaSpeakerName\"><h3><a href=\"https:\/\/viiiconference.ruralforum.org\/en\/speakers\/santiago-rojas\/\">Mr. Santiago Rojas<\/a><\/h3><p>Director, Institute for Agricultural Development (INDAP), Chile<br \/><em>Confirmed<\/em><\/p><\/div><\/div><div class=\"agendaBoxSpeaker\"><div><img decoding=\"async\" class=\"agendaSpeakerImg\" src=\"https:\/\/viiiconference.ruralforum.org\/wp-content\/uploads\/2024\/02\/Charlie-Worthington-e1709055885318.jpg\" alt=\"\" \/><\/div><div class=\"agendaSpeakerName\"><h3>Mr. Charlie Worthington<\/h3><p>Lead of Food Systems, Consumers International<br \/><em>Confirmed<\/em><\/p><\/div><\/div><div class=\"agendaBoxSpeaker\"><div><img decoding=\"async\" class=\"agendaSpeakerImg\" src=\"https:\/\/viiiconference.ruralforum.org\/wp-content\/uploads\/2024\/03\/PabloVidueira_foto-e1709545947918.jpg\" alt=\"\" \/><\/div><div class=\"agendaSpeakerName\"><h3><a href=\"https:\/\/viiiconference.ruralforum.org\/en\/speakers\/pablo-vidueira\/\">Mr. Pablo Vidueira<\/a><\/h3><p>Director of Evaluation, Global Alliance on the future of Food<br \/><em>Confirmed<\/em><\/p><\/div><\/div><div class=\"agendaBoxSpeaker\"><div><img decoding=\"async\" class=\"agendaSpeakerImg\" src=\"https:\/\/viiiconference.ruralforum.org\/wp-content\/uploads\/2024\/02\/Lucia-1-e1709107621950.jpg\" alt=\"\" \/><\/div><div class=\"agendaSpeakerName\"><h3><a href=\"https:\/\/viiiconference.ruralforum.org\/en\/speakers\/natalia-lainez\/\">Ms. Natalia Lainez<\/a><\/h3><p>FADEMUR<br \/><em>Confirmed<\/em><\/p><\/div><\/div><div class=\"agendaBoxSpeaker\"><div><img decoding=\"async\" class=\"agendaSpeakerImg\" src=\"https:\/\/viiiconference.ruralforum.org\/wp-content\/uploads\/2024\/02\/Lucia-e1709107279810.jpg\" alt=\"\" \/><\/div><div class=\"agendaSpeakerName\"><h3>Ms. Luc\u00eda Ib\u00e1\u00f1ez<\/h3><p>FADEMUR<br \/><em>Confirmed<\/em><\/p><\/div><\/div><div class=\"agendaBoxSpeaker\"><div><img decoding=\"async\" class=\"agendaSpeakerImg\" src=\"https:\/\/viiiconference.ruralforum.org\/wp-content\/uploads\/2024\/02\/Hakim-Baliraine-e1709054862337.jpg\" alt=\"\" \/><\/div><div class=\"agendaSpeakerName\"><h3>Mr. Hakim Baliraine<\/h3><p>President, Eastern and Southern Africa small-scale Farmers Forum (ESAFF)<br \/><em>Confirmed<\/em><\/p><\/div><\/div><h4>Moderates<\/h4><div class=\"agendaBoxSpeaker\"><div><img decoding=\"async\" class=\"agendaSpeakerImg\" src=\"https:\/\/viiiconference.ruralforum.org\/wp-content\/uploads\/2024\/01\/francesca-carnibella.jpg\" alt=\"Francesca Carnibella\" \/><\/div><div class=\"agendaSpeakerName\"><h3><a href=\"https:\/\/viiiconference.ruralforum.org\/en\/speakers\/francesca-carnibella\/\">Ms. Francesca Carnibella<\/a><\/h3><p>Food Systems lead, Global Strategic Communications Council<br \/><em>Confirmed<\/em><\/p><\/div><\/div><\/div>                                    <\/p>\n                                 <\/div>\n                              <\/li>\n                              <!-- col end-->\n                                                                                       <li>\n                                 <div class=\"schedule-listing-item  schedule-right \">\n                                                                        <span class=\"schedule-slot-time\">11:00 am - 11.30 am <\/span>\n                                    <div class=\"schedule-speaker\">\n                                                                           <\/div>\n                                    <h3 class=\"schedule-slot-title\"><\/h3>\n\n                                    <p>\n                                       <div class=\"agendaTituloEvento\"><h3>Coffee break<\/h3><\/div>                                    <\/p>\n                                 <\/div>\n                              <\/li>\n                              <!-- col end-->\n                                                                                 <\/ul>\n                        <!-- row end-->\n                     <\/div>\n                     <!-- tab pane end-->\n                                                      <div role=\"tabpanel\" class=\"tab-pane\" id=\"date30916a63\">\n                        <ul>\n                                                                                       <li>\n                                 <div class=\"schedule-listing-item  schedule-left \">\n                                                                        <span class=\"schedule-slot-time\">9:00 am - 9:30 am <\/span>\n                                    <div class=\"schedule-speaker\">\n                                                                           <\/div>\n                                    <h3 class=\"schedule-slot-title\">Empowering Rural Women: a Comprehensive Response<\/h3>\n\n                                    <p>\n                                       <div class=\"agendaTituloEvento\"><h4>Opening session<\/h4><\/div><div class=\"contSpeakers\"><div class=\"agendaBoxSpeaker\"><div><img decoding=\"async\" class=\"agendaSpeakerImg\" src=\"https:\/\/viiiconference.ruralforum.org\/wp-content\/uploads\/2024\/01\/nerea_melgosa.jpg\" alt=\"Nerea Melgosa\" \/><\/div><div class=\"agendaSpeakerName\"><h3><a href=\"https:\/\/viiiconference.ruralforum.org\/en\/speakers\/nerea-melgosa\/\">Ms. Nerea Melgosa<\/a><\/h3><p>Minister of Equality, Justice and Social Policies, Basque Government<br \/><em>Confirmed<\/em><\/p><\/div><\/div><div class=\"agendaBoxSpeaker\"><div><img decoding=\"async\" class=\"agendaSpeakerImg\" src=\"https:\/\/viiiconference.ruralforum.org\/wp-content\/uploads\/2024\/03\/Tacko-Ndiaye_foto-scaled.jpg\" alt=\"Tacko Ndiaye\" \/><\/div><div class=\"agendaSpeakerName\"><h3><a href=\"https:\/\/viiiconference.ruralforum.org\/en\/speakers\/tacko-ndiaye\/\">Ms. Tacko Ndiaye<\/a><\/h3><p>Gender Team Leader, FAO<br \/><em>Confirmed<\/em><\/p><\/div><\/div><div class=\"agendaBoxSpeaker\"><div><img decoding=\"async\" class=\"agendaSpeakerImg\" src=\"https:\/\/viiiconference.ruralforum.org\/wp-content\/uploads\/2024\/01\/no-user-image.gif\" alt=\"\" \/><\/div><div class=\"agendaSpeakerName\"><h3>Margaridas do Mundo<\/h3><p><em>Confirmed<\/em><\/p><\/div><\/div><div class=\"agendaBoxSpeaker\"><div><img decoding=\"async\" class=\"agendaSpeakerImg\" src=\"https:\/\/viiiconference.ruralforum.org\/wp-content\/uploads\/2024\/01\/no-user-image.gif\" alt=\"\" \/><\/div><div class=\"agendaSpeakerName\"><h3>Landa XXI<\/h3><p><em>Confirmed<\/em><\/p><\/div><\/div><div class=\"agendaBoxSpeaker\"><div><img decoding=\"async\" class=\"agendaSpeakerImg\" src=\"https:\/\/viiiconference.ruralforum.org\/wp-content\/uploads\/2024\/01\/angela-birch.jpg\" alt=\"Angela Birch\" \/><\/div><div class=\"agendaSpeakerName\"><h3>Ms. Angela Birch<\/h3><p>Program Manager, PIFON<br \/><em>Confirmed<\/em><\/p><\/div><\/div><\/div>                                    <\/p>\n                                 <\/div>\n                              <\/li>\n                              <!-- col end-->\n                                                                                       <li>\n                                 <div class=\"schedule-listing-item  schedule-right \">\n                                                                        <span class=\"schedule-slot-time\">9:30 am - 11:00 am <\/span>\n                                    <div class=\"schedule-speaker\">\n                                                                           <\/div>\n                                    <h3 class=\"schedule-slot-title\">The role of family farming organizations in the climate response<\/h3>\n\n                                    <p>\n                                       <div class=\"agendaTituloEvento\"><h4>Roundtable<\/h4><\/div><div class=\"contSpeakers\"><div class=\"agendaBoxSpeaker\"><div><img decoding=\"async\" class=\"agendaSpeakerImg\" src=\"https:\/\/viiiconference.ruralforum.org\/wp-content\/uploads\/2024\/01\/ina-fry.jpg\" alt=\"Ian Fry\" \/><\/div><div class=\"agendaSpeakerName\"><h3>Mr. Ian Fry<\/h3><p>Former Special Rapporteur on the promotion and protection of human rights in the context of climate change, UN<br \/><em>Video message. Confirmed<\/em><\/p><\/div><\/div><div class=\"agendaBoxSpeaker\"><div><img decoding=\"async\" class=\"agendaSpeakerImg\" src=\"https:\/\/viiiconference.ruralforum.org\/wp-content\/uploads\/2024\/02\/Esther-e1708689036586.png\" alt=\"Esther Penunia\" \/><\/div><div class=\"agendaSpeakerName\"><h3>Ms. Esther Penunia<\/h3><p>Secretary General, AFA<br \/><em>Confirmed<\/em><\/p><\/div><\/div><div class=\"agendaBoxSpeaker\"><div><img decoding=\"async\" class=\"agendaSpeakerImg\" src=\"https:\/\/viiiconference.ruralforum.org\/wp-content\/uploads\/2024\/02\/Giulia-Galbiati.jpg\" alt=\"Giulia Galbiati\" \/><\/div><div class=\"agendaSpeakerName\"><h3><a href=\"https:\/\/viiiconference.ruralforum.org\/en\/speakers\/giulia-galbiati\/\">Ms. Giulia Galbiati<\/a><\/h3><p>Climate Change Specialist, FAO<br \/><em>Confirmed<\/em><\/p><\/div><\/div><div class=\"agendaBoxSpeaker\"><div><img decoding=\"async\" class=\"agendaSpeakerImg\" src=\"https:\/\/viiiconference.ruralforum.org\/wp-content\/uploads\/2024\/01\/Oliver.jpg\" alt=\"Oliver Oliveros\" \/><\/div><div class=\"agendaSpeakerName\"><h3><a href=\"https:\/\/viiiconference.ruralforum.org\/en\/speakers\/oliver-oliveros\/\">Mr. Oliver Oliveros<\/a><\/h3><p>Coordinator, Agroecology Coalition<br \/><em>Confirmed<\/em><\/p><\/div><\/div><div class=\"agendaBoxSpeaker\"><div><img decoding=\"async\" class=\"agendaSpeakerImg\" src=\"https:\/\/viiiconference.ruralforum.org\/wp-content\/uploads\/2024\/03\/image-e1710240676907.png\" alt=\"\" \/><\/div><div class=\"agendaSpeakerName\"><h3><a href=\"https:\/\/viiiconference.ruralforum.org\/en\/speakers\/ms-fernanda-machiaveli-morao-de-oliveira\/\">Ms. Fernanda Machiaveli Mor\u00e3o de Oliveira<\/a><\/h3><p>Vice-minister of Agrarian Development and Family Agriculture, Brazil<br \/><em>Confirmed<\/em><\/p><\/div><\/div><\/div><h4>Moderates<\/h4><div class=\"agendaBoxSpeaker\"><div><img decoding=\"async\" class=\"agendaSpeakerImg\" src=\"https:\/\/viiiconference.ruralforum.org\/wp-content\/uploads\/2024\/01\/cecile-bibiane-ndjebet.jpg\" alt=\"C\u00e9cile B. Ndjebet\" \/><\/div><div class=\"agendaSpeakerName\"><h3>Ms. C\u00e9cile B. Ndjebet<\/h3><p>President, REFACOF<br \/><em>Confirmed<\/em><\/p><\/div><\/div>                                    <\/p>\n                                 <\/div>\n                              <\/li>\n                              <!-- col end-->\n                                                                                       <li>\n                                 <div class=\"schedule-listing-item  schedule-left \">\n                                                                        <span class=\"schedule-slot-time\">11:00 am - 11:30 am <\/span>\n                                    <div class=\"schedule-speaker\">\n                                                                           <\/div>\n                                    <h3 class=\"schedule-slot-title\"><\/h3>\n\n                                    <p>\n                                       <div class=\"agendaTituloEvento\"><h3>Coffee break<\/h3><\/div>                                    <\/p>\n                                 <\/div>\n                              <\/li>\n                              <!-- col end-->\n                                                                                       <li>\n                                 <div class=\"schedule-listing-item  schedule-right \">\n                                                                        <span class=\"schedule-slot-time\">11:30 am - 12:30 pm <\/span>\n                                    <div class=\"schedule-speaker\">\n                                                                           <\/div>\n                                    <h3 class=\"schedule-slot-title\">Family farming leading the 2030 Agenda: a commitment from the local to the global levels<\/h3>\n\n                                    <p>\n                                       <div class=\"agendaTituloEvento\"><h4>High-Level Event<\/h4><\/div><div class=\"contSpeakers\"><div class=\"agendaBoxSpeaker\"><div><img decoding=\"async\" class=\"agendaSpeakerImg\" src=\"https:\/\/viiiconference.ruralforum.org\/wp-content\/uploads\/2024\/02\/Foto-Rossana-scaled-e1710181870880.jpeg\" alt=\"\" \/><\/div><div class=\"agendaSpeakerName\"><h3><a href=\"https:\/\/viiiconference.ruralforum.org\/en\/speakers\/rossana-carolina-ayala\/\">Ms. Rossana Carolina Ayala<\/a><\/h3><p>Vice-minister for Family Farming, Paraguay<br \/><em>Confirmed<\/em><\/p><\/div><\/div><div class=\"agendaBoxSpeaker\"><div><img decoding=\"async\" class=\"agendaSpeakerImg\" src=\"https:\/\/viiiconference.ruralforum.org\/wp-content\/uploads\/2024\/03\/image-e1710240676907.png\" alt=\"\" \/><\/div><div class=\"agendaSpeakerName\"><h3><a href=\"https:\/\/viiiconference.ruralforum.org\/en\/speakers\/ms-fernanda-machiaveli-morao-de-oliveira\/\">Ms. Fernanda Machiaveli Mor\u00e3o de Oliveira<\/a><\/h3><p>Vice-minister of Agrarian Development and Family Agriculture, Brazil<br \/><em>Confirmed<\/em><\/p><\/div><\/div><div class=\"agendaBoxSpeaker\"><div><a href=\"https:\/\/viiiconference.ruralforum.org\/en\/speakers\/leonard-mizzi\/\"><br \/><img decoding=\"async\" class=\"agendaSpeakerImg\" src=\"https:\/\/viiiconference.ruralforum.org\/wp-content\/uploads\/2024\/02\/Leonard-Mizzi_foto-scaled-e1708633915466.jpg\" alt=\"Leonard Mizzi\" \/><br \/><\/a><\/div><div class=\"agendaSpeakerName\"><h3><a href=\"https:\/\/viiiconference.ruralforum.org\/en\/speakers\/leonard-mizzi\/\">Mr. Leonard Mizzi<\/a><\/h3><p>Head of Unit Sustainable Agri-Food and Fisheries Systems, DG INTPA, European Commission<br \/><em>Confirmed<\/em><\/p><\/div><\/div><div class=\"agendaBoxSpeaker\"><div><img decoding=\"async\" class=\"agendaSpeakerImg\" src=\"https:\/\/viiiconference.ruralforum.org\/wp-content\/uploads\/2024\/02\/gabriel-ferrero.jpg\" alt=\"Gabriel Ferrero\" \/><\/div><div class=\"agendaSpeakerName\"><h3>Mr. Gabriel Ferrero<\/h3><p>Ambassador for Food Security, Government of Spain<br \/><em>Confirmed<\/em><\/p><\/div><\/div><div class=\"agendaBoxSpeaker\"><div><img decoding=\"async\" class=\"agendaSpeakerImg\" src=\"https:\/\/viiiconference.ruralforum.org\/wp-content\/uploads\/2024\/01\/minoru.jpg\" alt=\"Minoru Nishi\" \/><\/div><div class=\"agendaSpeakerName\"><h3>Mr. Minoru Nishi<\/h3><p>President, General Director, PIFON<br \/><em>Confirmed<\/em><\/p><\/div><\/div><h4>Moderates<\/h4><div class=\"agendaBoxSpeaker\"><div><img decoding=\"async\" class=\"agendaSpeakerImg\" src=\"https:\/\/viiiconference.ruralforum.org\/wp-content\/uploads\/2024\/03\/Alexina-Cather-headshot-scaled-e1710170971162.jpg\" alt=\"\" \/><\/div><div class=\"agendaSpeakerName\"><h3><a href=\"https:\/\/viiiconference.ruralforum.org\/en\/speakers\/alexina-cather\/\">Ms. Alexina Cather<\/a><\/h3><p>Journalist, Food Tank<br \/><em>Confirmed<\/em><\/p><\/div><\/div><\/div>                                    <\/p>\n                                 <\/div>\n                              <\/li>\n                              <!-- col end-->\n                                                                                 <\/ul>\n                        <!-- row end-->\n                     <\/div>\n                     <!-- tab pane end-->\n                                                      <div role=\"tabpanel\" class=\"tab-pane\" id=\"date30916a64\">\n                        <ul>\n                                                                                       <li>\n                                 <div class=\"schedule-listing-item  schedule-left \">\n                                                                        <span class=\"schedule-slot-time\">9:30 am - 2:30 pm <\/span>\n                                    <div class=\"schedule-speaker\">\n                                                                           <\/div>\n                                    <h3 class=\"schedule-slot-title\">International Steering Committee (ISC) of the GFAiR (members only)<\/h3>\n\n                                    <p>\n                                                                           <\/p>\n                                 <\/div>\n                              <\/li>\n                              <!-- col end-->\n                                                                                       <li>\n                                 <div class=\"schedule-listing-item  schedule-right \">\n                                                                        <span class=\"schedule-slot-time\">9:00 am - 1:00 pm <\/span>\n                                    <div class=\"schedule-speaker\">\n                                                                           <\/div>\n                                    <h3 class=\"schedule-slot-title\">WRF Board of Directors (members only)<\/h3>\n\n                                    <p>\n                                                                           <\/p>\n                                 <\/div>\n                              <\/li>\n                              <!-- col end-->\n                                                                                       <li>\n                                 <div class=\"schedule-listing-item  schedule-left \">\n                                                                        <span class=\"schedule-slot-time\">9:00 - 16:00 <\/span>\n                                    <div class=\"schedule-speaker\">\n                                                                           <\/div>\n                                    <h3 class=\"schedule-slot-title\">Meeting of the Alliance of Champions for Food Systems Transformation (members only)<\/h3>\n\n                                    <p>\n                                                                           <\/p>\n                                 <\/div>\n                              <\/li>\n                              <!-- col end-->\n                                                                                       <li>\n                                 <div class=\"schedule-listing-item  schedule-right \">\n                                                                        <span class=\"schedule-slot-time\">3:00 pm - 6:00 pm <\/span>\n                                    <div class=\"schedule-speaker\">\n                                                                           <\/div>\n                                    <h3 class=\"schedule-slot-title\">WRF General Assembly (members only)<\/h3>\n\n                                    <p>\n                                                                           <\/p>\n                                 <\/div>\n                              <\/li>\n                              <!-- col end-->\n                                                   <\/ul>\n                        <!-- row end-->\n                     <\/div>\n                     <!-- tab pane end-->\n                           <\/div>\n         <\/div>\n      <\/div>\n\t   \n\t   <div class=\"col-lg-8 mx-auto cont-agenda-menu-2\">\n            <div class=\"ts-schedule-nav\">\n               <ul class=\"nav nav-tabs justify-content-center\" role=\"tablist\">\n                                                               <li class=\"nav-item\" role=\"presentation\">\n                           <a class=\"active\" title=\"March 19\" href=\"#date30916a61\" role=\"tab\" data-toggle=\"tab\">\n                              <h3>March 19<\/h3>\n                                                               <span>Tuesday<\/span>\n                                                         <\/a>\n                        <\/li>\n                                                                                    <li class=\"nav-item\" role=\"presentation\">\n                           <a class=\"\" title=\"March 20\" href=\"#date30916a62\" role=\"tab\" data-toggle=\"tab\">\n                              <h3>March 20<\/h3>\n                                                               <span>Wednesday<\/span>\n                                                         <\/a>\n                        <\/li>\n                                                                                    <li class=\"nav-item\" role=\"presentation\">\n                           <a class=\"\" title=\"March 21\" href=\"#date30916a63\" role=\"tab\" data-toggle=\"tab\">\n                              <h3>March 21<\/h3>\n                                                               <span>Thursday<\/span>\n                                                         <\/a>\n                        <\/li>\n                                                                                    <li class=\"nav-item\" role=\"presentation\">\n                           <a class=\"\" title=\"March 22\" href=\"#date30916a64\" role=\"tab\" data-toggle=\"tab\">\n                              <h3>March 22<\/h3>\n                                                               <span>Friday<\/span>\n                                                         <\/a>\n                        <\/li>\n                                                      <\/ul>\n               <!-- Tab panes -->\n            <\/div>\n         <\/div>\n\t   \n   <\/div>\n   <!-- container end-->\n<\/section>\n\t\t\t\t<\/div>\n\t\t\t\t<\/div>\n\t\t\t\t<div class=\"elementor-element elementor-element-e0397e9 elementor-align-center elementor-widget elementor-widget-button\" data-id=\"e0397e9\" data-element_type=\"widget\" data-e-type=\"widget\" data-settings=\"{&quot;ekit_we_effect_on&quot;:&quot;none&quot;}\" data-widget_type=\"button.default\">\n\t\t\t\t<div class=\"elementor-widget-container\">\n\t\t\t\t\t\t\t\t\t<div class=\"elementor-button-wrapper\">\n\t\t\t\t\t<a class=\"elementor-button elementor-button-link elementor-size-md\" href=\"\/en\/agenda\">\n\t\t\t\t\t\t<span class=\"elementor-button-content-wrapper\">\n\t\t\t\t\t\t\t\t\t<span class=\"elementor-button-text\">MORE DETAILS<\/span>\n\t\t\t\t\t<\/span>\n\t\t\t\t\t<\/a>\n\t\t\t\t<\/div>\n\t\t\t\t\t\t\t\t<\/div>\n\t\t\t\t<\/div>\n\t\t\t\t\t<\/div>\n\t\t<\/div>\n\t\t\t\t\t<\/div>\n\t\t<\/section>\n\t\t\t\t<section class=\"elementor-section elementor-top-section elementor-element elementor-element-5c740e9 elementor-section-full_width elementor-section-height-min-height elementor-section-items-stretch elementor-section-height-default\" data-id=\"5c740e9\" data-element_type=\"section\" data-e-type=\"section\" id=\"contHomaNaranjaTotal\" data-settings=\"{&quot;background_background&quot;:&quot;gradient&quot;,&quot;_ha_eqh_enable&quot;:false}\">\n\t\t\t\t\t\t<div class=\"elementor-container elementor-column-gap-default\">\n\t\t\t\t\t<div class=\"elementor-column elementor-col-50 elementor-top-column elementor-element elementor-element-f03f095 elementor-hidden-tablet elementor-hidden-mobile\" data-id=\"f03f095\" data-element_type=\"column\" data-e-type=\"column\" id=\"contHomeNaranajaImg\" data-settings=\"{&quot;background_background&quot;:&quot;classic&quot;}\">\n\t\t\t<div class=\"elementor-widget-wrap elementor-element-populated\">\n\t\t\t\t\t\t\t<\/div>\n\t\t<\/div>\n\t\t\t\t<div class=\"elementor-column elementor-col-50 elementor-top-column elementor-element elementor-element-eb1f66b\" data-id=\"eb1f66b\" data-element_type=\"column\" data-e-type=\"column\" id=\"contHomeNaranja\" data-settings=\"{&quot;background_background&quot;:&quot;classic&quot;}\">\n\t\t\t<div class=\"elementor-widget-wrap elementor-element-populated\">\n\t\t\t\t\t<div class=\"elementor-background-overlay\"><\/div>\n\t\t\t\t\t\t<div class=\"elementor-element elementor-element-11faa89 elementor-invisible elementor-widget elementor-widget-heading\" data-id=\"11faa89\" data-element_type=\"widget\" data-e-type=\"widget\" data-settings=\"{&quot;_animation&quot;:&quot;slideInRight&quot;,&quot;_animation_delay&quot;:350,&quot;ekit_we_effect_on&quot;:&quot;none&quot;}\" data-widget_type=\"heading.default\">\n\t\t\t\t<div class=\"elementor-widget-container\">\n\t\t\t\t\t<h3 class=\"elementor-heading-title elementor-size-default\">A final statement<\/h3>\t\t\t\t<\/div>\n\t\t\t\t<\/div>\n\t\t\t\t<div class=\"elementor-element elementor-element-8c5ca25 elementor-invisible elementor-widget elementor-widget-text-editor\" data-id=\"8c5ca25\" data-element_type=\"widget\" data-e-type=\"widget\" data-settings=\"{&quot;_animation&quot;:&quot;slideInRight&quot;,&quot;_animation_delay&quot;:350,&quot;ekit_we_effect_on&quot;:&quot;none&quot;}\" data-widget_type=\"text-editor.default\">\n\t\t\t\t<div class=\"elementor-widget-container\">\n\t\t\t\t\t\t\t\t\t<p>With concrete commitments from the different actors present to place family farming within the sustainability of the planet.<\/p>\t\t\t\t\t\t\t\t<\/div>\n\t\t\t\t<\/div>\n\t\t\t\t\t<\/div>\n\t\t<\/div>\n\t\t\t\t\t<\/div>\n\t\t<\/section>\n\t\t\t\t<section class=\"elementor-section elementor-top-section elementor-element elementor-element-e5d9e46 elementor-section-boxed elementor-section-height-default elementor-section-height-default\" data-id=\"e5d9e46\" data-element_type=\"section\" data-e-type=\"section\" data-settings=\"{&quot;background_background&quot;:&quot;classic&quot;,&quot;_ha_eqh_enable&quot;:false}\">\n\t\t\t\t\t\t\t<div class=\"elementor-background-overlay\"><\/div>\n\t\t\t\t\t\t\t<div class=\"elementor-container elementor-column-gap-default\">\n\t\t\t\t\t<div class=\"elementor-column elementor-col-100 elementor-top-column elementor-element elementor-element-8789f03\" data-id=\"8789f03\" data-element_type=\"column\" data-e-type=\"column\">\n\t\t\t<div class=\"elementor-widget-wrap elementor-element-populated\">\n\t\t\t\t\t\t<div class=\"elementor-element elementor-element-96dbaca elementor-widget elementor-widget-exhibz-title\" data-id=\"96dbaca\" data-element_type=\"widget\" data-e-type=\"widget\" data-settings=\"{&quot;ekit_we_effect_on&quot;:&quot;none&quot;}\" data-widget_type=\"exhibz-title.default\">\n\t\t\t\t<div class=\"elementor-widget-container\">\n\t\t\t\t\t\n    <div class=\"title-section-area\">\n        <h2 class=\"section-title\">\n            <span class=\"sub-title\">Follow the conference by streaming<\/span>\n\t\t\t        <\/h2>\n\t\t                    <span class=\"title-shape\">\n                  <svg xmlns='http:\/\/www.w3.org\/2000\/svg' xmlns:xlink='http:\/\/www.w3.org\/1999\/xlink' width='71px' height='11px'> <path fill-rule='evenodd' d='M59.669,10.710 L49.164,3.306 L39.428,10.681 L29.714,3.322 L20.006,10.682 L10.295,3.322 L1.185,10.228 L-0.010,8.578 L10.295,0.765 L20.006,8.125 L29.714,0.765 L39.428,8.125 L49.122,0.781 L59.680,8.223 L69.858,1.192 L70.982,2.895 L59.669,10.710 Z'\/><\/svg>\n            <\/span>\n                    <\/div><!-- Section title -->\n    \n    \n\n    \t\t\t\t<\/div>\n\t\t\t\t<\/div>\n\t\t\t\t\t<\/div>\n\t\t<\/div>\n\t\t\t\t\t<\/div>\n\t\t<\/section>\n\t\t\t\t<section class=\"elementor-section elementor-top-section elementor-element elementor-element-cc7bea8 oculto elementor-section-boxed elementor-section-height-default elementor-section-height-default\" data-id=\"cc7bea8\" data-element_type=\"section\" data-e-type=\"section\" data-settings=\"{&quot;background_background&quot;:&quot;classic&quot;,&quot;_ha_eqh_enable&quot;:false}\">\n\t\t\t\t\t\t\t<div class=\"elementor-background-overlay\"><\/div>\n\t\t\t\t\t\t\t<div class=\"elementor-container elementor-column-gap-default\">\n\t\t\t\t\t<div class=\"elementor-column elementor-col-100 elementor-top-column elementor-element elementor-element-d477f0d\" data-id=\"d477f0d\" data-element_type=\"column\" data-e-type=\"column\">\n\t\t\t<div class=\"elementor-widget-wrap elementor-element-populated\">\n\t\t\t\t\t\t<div class=\"elementor-element elementor-element-bedbe34 elementor-invisible elementor-widget elementor-widget-exhibz-title\" data-id=\"bedbe34\" data-element_type=\"widget\" data-e-type=\"widget\" data-settings=\"{&quot;_animation&quot;:&quot;fadeInUp&quot;,&quot;_animation_delay&quot;:350,&quot;ekit_we_effect_on&quot;:&quot;none&quot;}\" data-widget_type=\"exhibz-title.default\">\n\t\t\t\t<div class=\"elementor-widget-container\">\n\t\t\t\t\t\n    <div class=\"title-section-area\">\n        <h2 class=\"section-title\">\n            <span class=\"sub-title\"><\/span>\n\t\t\t\u00daLTIMAS NOTICIAS        <\/h2>\n\t\t                    <span class=\"title-shape\">\n                  <svg xmlns='http:\/\/www.w3.org\/2000\/svg' xmlns:xlink='http:\/\/www.w3.org\/1999\/xlink' width='71px' height='11px'> <path fill-rule='evenodd' d='M59.669,10.710 L49.164,3.306 L39.428,10.681 L29.714,3.322 L20.006,10.682 L10.295,3.322 L1.185,10.228 L-0.010,8.578 L10.295,0.765 L20.006,8.125 L29.714,0.765 L39.428,8.125 L49.122,0.781 L59.680,8.223 L69.858,1.192 L70.982,2.895 L59.669,10.710 Z'\/><\/svg>\n            <\/span>\n                    <\/div><!-- Section title -->\n    \n    \n\n    \t\t\t\t<\/div>\n\t\t\t\t<\/div>\n\t\t\t\t<div class=\"elementor-element elementor-element-aa88f58 elementor-widget elementor-widget-exhibz-latestnews\" data-id=\"aa88f58\" data-element_type=\"widget\" data-e-type=\"widget\" data-settings=\"{&quot;ekit_we_effect_on&quot;:&quot;none&quot;}\" data-widget_type=\"exhibz-latestnews.default\">\n\t\t\t\t<div class=\"elementor-widget-container\">\n\t\t\t\t\t<div class=\"row\">\n     <div class=\"col-lg-4 fadeInUp\">\n      <div class=\"post\">\n                  <div class=\"post-body\">\n            <div class=\"post-meta\">\n                              <span class=\"post-author\">\n               <i class=\"icon icon-user\"><\/i> \n               <a href=\"https:\/\/viiiconference.ruralforum.org\/en\/author\/goizargi\/\"> admin<\/a>\n               <\/span>\n                \n               <span class=\"post-meta-date\">\n                <i class=\"icon icon-calendar\"><\/i>\n                  March 21, 2024 \n               <\/span>\n            <\/div>\n            <div class=\"entry-header\">\n               <h2 class=\"entry-title\">\n                  <a href=\"https:\/\/viiiconference.ruralforum.org\/en\/?post_type=post&p=7340\">The VIII Global Conference <\/a>\n               <\/h2>\n            <\/div>\n            <!-- header end -->\n            <div class=\"entry-content\">\n                              <p> The final declaration of the Conference \"Sowing Sustainability: Scaling up   <\/p>\n                \n            <\/div>\n            <div class=\"post-footer\">\n                              <a href=\"https:\/\/viiiconference.ruralforum.org\/en\/?post_type=post&p=7340\" class=\"btn-link\"> Continue <i class=\"icon icon-arrow-right\"><\/i><\/a>\n                \n            <\/div>\n         <\/div>\n         <!-- post-body end -->\n      <\/div>\n      <!-- post end-->\n   <\/div>\n      <div class=\"col-lg-4 fadeInUp\">\n      <div class=\"post\">\n                  <div class=\"post-body\">\n            <div class=\"post-meta\">\n                              <span class=\"post-author\">\n               <i class=\"icon icon-user\"><\/i> \n               <a href=\"https:\/\/viiiconference.ruralforum.org\/en\/author\/goizargi\/\"> admin<\/a>\n               <\/span>\n                \n               <span class=\"post-meta-date\">\n                <i class=\"icon icon-calendar\"><\/i>\n                  March 20, 2024 \n               <\/span>\n            <\/div>\n            <div class=\"entry-header\">\n               <h2 class=\"entry-title\">\n                  <a href=\"https:\/\/viiiconference.ruralforum.org\/en\/?post_type=post&p=7323\">\"The role of family <\/a>\n               <\/h2>\n            <\/div>\n            <!-- header end -->\n            <div class=\"entry-content\">\n                              <p> The Conference was inaugurated with a message from Pope Francis   <\/p>\n                \n            <\/div>\n            <div class=\"post-footer\">\n                              <a href=\"https:\/\/viiiconference.ruralforum.org\/en\/?post_type=post&p=7323\" class=\"btn-link\"> Continue <i class=\"icon icon-arrow-right\"><\/i><\/a>\n                \n            <\/div>\n         <\/div>\n         <!-- post-body end -->\n      <\/div>\n      <!-- post end-->\n   <\/div>\n      <div class=\"col-lg-4 fadeInUp\">\n      <div class=\"post\">\n                  <div class=\"post-body\">\n            <div class=\"post-meta\">\n                              <span class=\"post-author\">\n               <i class=\"icon icon-user\"><\/i> \n               <a href=\"https:\/\/viiiconference.ruralforum.org\/en\/author\/goizargi\/\"> admin<\/a>\n               <\/span>\n                \n               <span class=\"post-meta-date\">\n                <i class=\"icon icon-calendar\"><\/i>\n                  March 19, 2024 \n               <\/span>\n            <\/div>\n            <div class=\"entry-header\">\n               <h2 class=\"entry-title\">\n                  <a href=\"https:\/\/viiiconference.ruralforum.org\/en\/?post_type=post&p=7304\">LETTER OF SUPPORT FOR <\/a>\n               <\/h2>\n            <\/div>\n            <!-- header end -->\n            <div class=\"entry-content\">\n                              <p> Whilst family farming provides 80 per cent of the world's   <\/p>\n                \n            <\/div>\n            <div class=\"post-footer\">\n                              <a href=\"https:\/\/viiiconference.ruralforum.org\/en\/?post_type=post&p=7304\" class=\"btn-link\"> Continue <i class=\"icon icon-arrow-right\"><\/i><\/a>\n                \n            <\/div>\n         <\/div>\n         <!-- post-body end -->\n      <\/div>\n      <!-- post end-->\n   <\/div>\n    \n<\/div> <!-- row end -->\n   \t\t\t\t<\/div>\n\t\t\t\t<\/div>\n\t\t\t\t<div class=\"elementor-element elementor-element-074ebea elementor-align-center elementor-widget elementor-widget-button\" data-id=\"074ebea\" data-element_type=\"widget\" data-e-type=\"widget\" data-settings=\"{&quot;ekit_we_effect_on&quot;:&quot;none&quot;}\" data-widget_type=\"button.default\">\n\t\t\t\t<div class=\"elementor-widget-container\">\n\t\t\t\t\t\t\t\t\t<div class=\"elementor-button-wrapper\">\n\t\t\t\t\t<a class=\"elementor-button elementor-button-link elementor-size-sm\" href=\"\/blog\/\">\n\t\t\t\t\t\t<span class=\"elementor-button-content-wrapper\">\n\t\t\t\t\t\t\t\t\t<span class=\"elementor-button-text\">Todas las noticias<\/span>\n\t\t\t\t\t<\/span>\n\t\t\t\t\t<\/a>\n\t\t\t\t<\/div>\n\t\t\t\t\t\t\t\t<\/div>\n\t\t\t\t<\/div>\n\t\t\t\t\t<\/div>\n\t\t<\/div>\n\t\t\t\t\t<\/div>\n\t\t<\/section>\n\t\t\t\t<section class=\"elementor-section elementor-top-section elementor-element elementor-element-fbc5a44 elementor-section-content-top elementor-section-boxed elementor-section-height-default elementor-section-height-default\" data-id=\"fbc5a44\" data-element_type=\"section\" data-e-type=\"section\" id=\"cont-mapa\" data-settings=\"{&quot;background_background&quot;:&quot;classic&quot;,&quot;_ha_eqh_enable&quot;:false}\">\n\t\t\t\t\t\t\t<div class=\"elementor-background-overlay\"><\/div>\n\t\t\t\t\t\t\t<div class=\"elementor-container elementor-column-gap-default\">\n\t\t\t\t\t<div class=\"elementor-column elementor-col-33 elementor-top-column elementor-element elementor-element-8fa0fe9\" data-id=\"8fa0fe9\" data-element_type=\"column\" data-e-type=\"column\" id=\"contMapaTexto\">\n\t\t\t<div class=\"elementor-widget-wrap elementor-element-populated\">\n\t\t\t\t\t\t<div class=\"elementor-element elementor-element-e6fa6d5 elementor-widget elementor-widget-exhibz-title\" data-id=\"e6fa6d5\" data-element_type=\"widget\" data-e-type=\"widget\" data-settings=\"{&quot;ekit_we_effect_on&quot;:&quot;none&quot;}\" data-widget_type=\"exhibz-title.default\">\n\t\t\t\t<div class=\"elementor-widget-container\">\n\t\t\t\t\t\n    <div class=\"title-section-area\">\n        <h2 class=\"section-title\">\n            <span class=\"sub-title\"><\/span>\n\t\t\tSite of the Conference        <\/h2>\n\t\t                    <span class=\"title-shape\">\n                  <svg xmlns='http:\/\/www.w3.org\/2000\/svg' xmlns:xlink='http:\/\/www.w3.org\/1999\/xlink' width='71px' height='11px'> <path fill-rule='evenodd' d='M59.669,10.710 L49.164,3.306 L39.428,10.681 L29.714,3.322 L20.006,10.682 L10.295,3.322 L1.185,10.228 L-0.010,8.578 L10.295,0.765 L20.006,8.125 L29.714,0.765 L39.428,8.125 L49.122,0.781 L59.680,8.223 L69.858,1.192 L70.982,2.895 L59.669,10.710 Z'\/><\/svg>\n            <\/span>\n                    <\/div><!-- Section title -->\n    \n    \n\n    \t\t\t\t<\/div>\n\t\t\t\t<\/div>\n\t\t\t\t<div class=\"elementor-element elementor-element-850aa51 ts-map-tabs elementor-tabs-view-horizontal elementor-invisible elementor-widget elementor-widget-tabs\" data-id=\"850aa51\" data-element_type=\"widget\" data-e-type=\"widget\" id=\"homeMapaTab\" data-settings=\"{&quot;_animation&quot;:&quot;fadeIn&quot;,&quot;ekit_we_effect_on&quot;:&quot;none&quot;}\" data-widget_type=\"tabs.default\">\n\t\t\t\t<div class=\"elementor-widget-container\">\n\t\t\t\t\t\t\t<div class=\"elementor-tabs\">\n\t\t\t<div class=\"elementor-tabs-wrapper\" role=\"tablist\" >\n\t\t\t\t\t\t\t\t\t<div id=\"elementor-tab-title-1391\" class=\"elementor-tab-title elementor-tab-desktop-title\" aria-selected=\"true\" data-tab=\"1\" role=\"tab\" tabindex=\"0\" aria-controls=\"elementor-tab-content-1391\" aria-expanded=\"false\">How to get there<\/div>\n\t\t\t\t\t\t\t<\/div>\n\t\t\t<div class=\"elementor-tabs-content-wrapper\" role=\"tablist\" aria-orientation=\"vertical\">\n\t\t\t\t\t\t\t\t\t<div class=\"elementor-tab-title elementor-tab-mobile-title\" aria-selected=\"true\" data-tab=\"1\" role=\"tab\" tabindex=\"0\" aria-controls=\"elementor-tab-content-1391\" aria-expanded=\"false\">How to get there<\/div>\n\t\t\t\t\t<div id=\"elementor-tab-content-1391\" class=\"elementor-tab-content elementor-clearfix\" data-tab=\"1\" role=\"tabpanel\" aria-labelledby=\"elementor-tab-title-1391\" tabindex=\"0\" hidden=\"false\"><h4>Europa Congress Palace<\/h4>\nAvenida de Gasteiz, 85, 01009 Vitoria-Gasteiz\n<div class=\"row\">\n<div class=\"col-md-12\">\n<div class=\"contact-info-box\"><\/div>\n<\/div>\n<\/div><\/div>\n\t\t\t\t\t\t\t<\/div>\n\t\t<\/div>\n\t\t\t\t\t\t<\/div>\n\t\t\t\t<\/div>\n\t\t\t\t\t<\/div>\n\t\t<\/div>\n\t\t\t\t<div class=\"elementor-column elementor-col-66 elementor-top-column elementor-element elementor-element-531aae6 ts-tab-map\" data-id=\"531aae6\" data-element_type=\"column\" data-e-type=\"column\" id=\"contHomeMapa\">\n\t\t\t<div class=\"elementor-widget-wrap elementor-element-populated\">\n\t\t\t\t\t\t<div class=\"elementor-element elementor-element-d129cc0 elementor-widget elementor-widget-google_maps\" data-id=\"d129cc0\" data-element_type=\"widget\" data-e-type=\"widget\" data-settings=\"{&quot;ekit_we_effect_on&quot;:&quot;none&quot;}\" data-widget_type=\"google_maps.default\">\n\t\t\t\t<div class=\"elementor-widget-container\">\n\t\t\t\t\t\t\t<div class=\"elementor-custom-embed\">\n\t\t\t<iframe loading=\"lazy\"\n\t\t\t\t\tsrc=\"https:\/\/maps.google.com\/maps?q=Palacio%20de%20Congresos%20Europa&#038;t=m&#038;z=14&#038;output=embed&#038;iwloc=near\"\n\t\t\t\t\ttitle=\"Palacio de Congresos Europa\"\n\t\t\t\t\taria-label=\"Palacio de Congresos Europa\"\n\t\t\t><\/iframe>\n\t\t<\/div>\n\t\t\t\t\t\t<\/div>\n\t\t\t\t<\/div>\n\t\t\t\t\t<\/div>\n\t\t<\/div>\n\t\t\t\t\t<\/div>\n\t\t<\/section>\n\t\t\t\t<section class=\"elementor-section elementor-top-section elementor-element elementor-element-9af1288 elementor-section-boxed elementor-section-height-default elementor-section-height-default\" data-id=\"9af1288\" data-element_type=\"section\" data-e-type=\"section\" data-settings=\"{&quot;_ha_eqh_enable&quot;:false}\">\n\t\t\t\t\t\t<div class=\"elementor-container elementor-column-gap-default\">\n\t\t\t\t\t<div class=\"elementor-column elementor-col-100 elementor-top-column elementor-element elementor-element-5bbabeb\" data-id=\"5bbabeb\" data-element_type=\"column\" data-e-type=\"column\">\n\t\t\t<div class=\"elementor-widget-wrap elementor-element-populated\">\n\t\t\t\t\t\t<div class=\"elementor-element elementor-element-8195a61 borde-naranja elementor-widget elementor-widget-exhibz-title\" data-id=\"8195a61\" data-element_type=\"widget\" data-e-type=\"widget\" data-settings=\"{&quot;ekit_we_effect_on&quot;:&quot;none&quot;}\" data-widget_type=\"exhibz-title.default\">\n\t\t\t\t<div class=\"elementor-widget-container\">\n\t\t\t\t\t\n    <div class=\"title-section-area\">\n        <h2 class=\"section-title\">\n            <span class=\"sub-title\"><\/span>\n\t\t\tSPONSORS        <\/h2>\n\t\t                    <\/div><!-- Section title -->\n    \n    \n\n    \t\t\t\t<\/div>\n\t\t\t\t<\/div>\n\t\t\t\t<section class=\"elementor-section elementor-inner-section elementor-element elementor-element-6337a3a fila-home-logos elementor-section-boxed elementor-section-height-default elementor-section-height-default\" data-id=\"6337a3a\" data-element_type=\"section\" data-e-type=\"section\" data-settings=\"{&quot;_ha_eqh_enable&quot;:false}\">\n\t\t\t\t\t\t<div class=\"elementor-container elementor-column-gap-default\">\n\t\t\t\t\t<div class=\"elementor-column elementor-col-25 elementor-inner-column elementor-element elementor-element-39eefda\" data-id=\"39eefda\" data-element_type=\"column\" data-e-type=\"column\">\n\t\t\t<div class=\"elementor-widget-wrap elementor-element-populated\">\n\t\t\t\t\t\t<div class=\"elementor-element elementor-element-744d745 elementor-widget elementor-widget-image\" data-id=\"744d745\" data-element_type=\"widget\" data-e-type=\"widget\" data-settings=\"{&quot;ekit_we_effect_on&quot;:&quot;none&quot;}\" data-widget_type=\"image.default\">\n\t\t\t\t<div class=\"elementor-widget-container\">\n\t\t\t\t\t\t\t\t\t\t\t\t\t\t\t\t<a href=\"https:\/\/www.euskadi.eus\/eusko-jaurlaritza\/hasiera\/\" target=\"_blank\">\n\t\t\t\t\t\t\t<img fetchpriority=\"high\" decoding=\"async\" width=\"1034\" height=\"591\" src=\"https:\/\/viiiconference.ruralforum.org\/wp-content\/uploads\/2024\/05\/image.png\" class=\"attachment-large size-large wp-image-7739\" alt=\"\" srcset=\"https:\/\/viiiconference.ruralforum.org\/wp-content\/uploads\/2024\/05\/image.png 1034w, https:\/\/viiiconference.ruralforum.org\/wp-content\/uploads\/2024\/05\/image-768x439.png 768w\" sizes=\"(max-width: 1034px) 100vw, 1034px\" \/>\t\t\t\t\t\t\t\t<\/a>\n\t\t\t\t\t\t\t\t\t\t\t\t\t\t\t<\/div>\n\t\t\t\t<\/div>\n\t\t\t\t\t<\/div>\n\t\t<\/div>\n\t\t\t\t<div class=\"elementor-column elementor-col-25 elementor-inner-column elementor-element elementor-element-86483d9\" data-id=\"86483d9\" data-element_type=\"column\" data-e-type=\"column\">\n\t\t\t<div class=\"elementor-widget-wrap elementor-element-populated\">\n\t\t\t\t\t\t<div class=\"elementor-element elementor-element-aac118b elementor-widget elementor-widget-image\" data-id=\"aac118b\" data-element_type=\"widget\" data-e-type=\"widget\" data-settings=\"{&quot;ekit_we_effect_on&quot;:&quot;none&quot;}\" data-widget_type=\"image.default\">\n\t\t\t\t<div class=\"elementor-widget-container\">\n\t\t\t\t\t\t\t\t\t\t\t\t\t\t\t\t<a href=\"https:\/\/www.basquecountry.eus\/hasiera\/\" target=\"_blank\">\n\t\t\t\t\t\t\t<img decoding=\"async\" width=\"650\" height=\"325\" src=\"https:\/\/viiiconference.ruralforum.org\/wp-content\/uploads\/2024\/02\/n770_euskadi_basque_country_negativo-e1707812496821-1-1.jpg\" class=\"attachment-large size-large wp-image-6416\" alt=\"\" \/>\t\t\t\t\t\t\t\t<\/a>\n\t\t\t\t\t\t\t\t\t\t\t\t\t\t\t<\/div>\n\t\t\t\t<\/div>\n\t\t\t\t\t<\/div>\n\t\t<\/div>\n\t\t\t\t<div class=\"elementor-column elementor-col-25 elementor-inner-column elementor-element elementor-element-70c638b\" data-id=\"70c638b\" data-element_type=\"column\" data-e-type=\"column\">\n\t\t\t<div class=\"elementor-widget-wrap elementor-element-populated\">\n\t\t\t\t\t\t<div class=\"elementor-element elementor-element-deacac0 elementor-widget elementor-widget-image\" data-id=\"deacac0\" data-element_type=\"widget\" data-e-type=\"widget\" data-settings=\"{&quot;ekit_we_effect_on&quot;:&quot;none&quot;}\" data-widget_type=\"image.default\">\n\t\t\t\t<div class=\"elementor-widget-container\">\n\t\t\t\t\t\t\t\t\t\t\t\t\t\t\t\t<a href=\"https:\/\/www.elankidetza.euskadi.eus\/hasiera\/\" target=\"_blank\">\n\t\t\t\t\t\t\t<img decoding=\"async\" width=\"344\" height=\"200\" src=\"https:\/\/viiiconference.ruralforum.org\/wp-content\/uploads\/2024\/02\/Logo_AVCD-1-1.jpg\" class=\"attachment-large size-large wp-image-6420\" alt=\"\" \/>\t\t\t\t\t\t\t\t<\/a>\n\t\t\t\t\t\t\t\t\t\t\t\t\t\t\t<\/div>\n\t\t\t\t<\/div>\n\t\t\t\t\t<\/div>\n\t\t<\/div>\n\t\t\t\t<div class=\"elementor-column elementor-col-25 elementor-inner-column elementor-element elementor-element-a085d01\" data-id=\"a085d01\" data-element_type=\"column\" data-e-type=\"column\">\n\t\t\t<div class=\"elementor-widget-wrap elementor-element-populated\">\n\t\t\t\t\t\t<div class=\"elementor-element elementor-element-b255419 elementor-widget elementor-widget-image\" data-id=\"b255419\" data-element_type=\"widget\" data-e-type=\"widget\" data-settings=\"{&quot;ekit_we_effect_on&quot;:&quot;none&quot;}\" data-widget_type=\"image.default\">\n\t\t\t\t<div class=\"elementor-widget-container\">\n\t\t\t\t\t\t\t\t\t\t\t\t\t\t\t\t<a href=\"https:\/\/www.ifad.org\/en\/\" target=\"_blank\">\n\t\t\t\t\t\t\t<img loading=\"lazy\" decoding=\"async\" width=\"353\" height=\"180\" src=\"https:\/\/viiiconference.ruralforum.org\/wp-content\/uploads\/2024\/02\/ifad-logo-1.jpg\" class=\"attachment-large size-large wp-image-6424\" alt=\"\" \/>\t\t\t\t\t\t\t\t<\/a>\n\t\t\t\t\t\t\t\t\t\t\t\t\t\t\t<\/div>\n\t\t\t\t<\/div>\n\t\t\t\t\t<\/div>\n\t\t<\/div>\n\t\t\t\t\t<\/div>\n\t\t<\/section>\n\t\t\t\t<section class=\"elementor-section elementor-inner-section elementor-element elementor-element-cbd38df fila-home-logos elementor-section-boxed elementor-section-height-default elementor-section-height-default\" data-id=\"cbd38df\" data-element_type=\"section\" data-e-type=\"section\" data-settings=\"{&quot;_ha_eqh_enable&quot;:false}\">\n\t\t\t\t\t\t<div class=\"elementor-container elementor-column-gap-default\">\n\t\t\t\t\t<div class=\"elementor-column elementor-col-33 elementor-inner-column elementor-element elementor-element-797ad21\" data-id=\"797ad21\" data-element_type=\"column\" data-e-type=\"column\">\n\t\t\t<div class=\"elementor-widget-wrap elementor-element-populated\">\n\t\t\t\t\t\t<div class=\"elementor-element elementor-element-3a2efb1 elementor-widget elementor-widget-image\" data-id=\"3a2efb1\" data-element_type=\"widget\" data-e-type=\"widget\" data-settings=\"{&quot;ekit_we_effect_on&quot;:&quot;none&quot;}\" data-widget_type=\"image.default\">\n\t\t\t\t<div class=\"elementor-widget-container\">\n\t\t\t\t\t\t\t\t\t\t\t\t\t\t\t\t<a href=\"https:\/\/www.fao.org\/forest-farm-facility\/en\/\" target=\"_blank\">\n\t\t\t\t\t\t\t<img loading=\"lazy\" decoding=\"async\" width=\"400\" height=\"310\" src=\"https:\/\/viiiconference.ruralforum.org\/wp-content\/uploads\/2024\/02\/FFF-logo-mandala-1-1-1.jpg\" class=\"attachment-large size-large wp-image-6428\" alt=\"\" \/>\t\t\t\t\t\t\t\t<\/a>\n\t\t\t\t\t\t\t\t\t\t\t\t\t\t\t<\/div>\n\t\t\t\t<\/div>\n\t\t\t\t\t<\/div>\n\t\t<\/div>\n\t\t\t\t<div class=\"elementor-column elementor-col-33 elementor-inner-column elementor-element elementor-element-4fcfc41\" data-id=\"4fcfc41\" data-element_type=\"column\" data-e-type=\"column\">\n\t\t\t<div class=\"elementor-widget-wrap elementor-element-populated\">\n\t\t\t\t\t\t<div class=\"elementor-element elementor-element-287cf6b elementor-widget elementor-widget-image\" data-id=\"287cf6b\" data-element_type=\"widget\" data-e-type=\"widget\" data-settings=\"{&quot;ekit_we_effect_on&quot;:&quot;none&quot;}\" data-widget_type=\"image.default\">\n\t\t\t\t<div class=\"elementor-widget-container\">\n\t\t\t\t\t\t\t\t\t\t\t\t\t\t\t\t<a href=\"https:\/\/www.mapa.gob.es\/eu\/\" target=\"_blank\">\n\t\t\t\t\t\t\t<img loading=\"lazy\" decoding=\"async\" width=\"396\" height=\"127\" src=\"https:\/\/viiiconference.ruralforum.org\/wp-content\/uploads\/2024\/02\/Ministerio-1-1-1-1.png\" class=\"attachment-large size-large wp-image-6432\" alt=\"\" \/>\t\t\t\t\t\t\t\t<\/a>\n\t\t\t\t\t\t\t\t\t\t\t\t\t\t\t<\/div>\n\t\t\t\t<\/div>\n\t\t\t\t\t<\/div>\n\t\t<\/div>\n\t\t\t\t<div class=\"elementor-column elementor-col-33 elementor-inner-column elementor-element elementor-element-75d17c2\" data-id=\"75d17c2\" data-element_type=\"column\" data-e-type=\"column\">\n\t\t\t<div class=\"elementor-widget-wrap elementor-element-populated\">\n\t\t\t\t\t\t<div class=\"elementor-element elementor-element-3c7290c elementor-widget elementor-widget-image\" data-id=\"3c7290c\" data-element_type=\"widget\" data-e-type=\"widget\" data-settings=\"{&quot;ekit_we_effect_on&quot;:&quot;none&quot;}\" data-widget_type=\"image.default\">\n\t\t\t\t<div class=\"elementor-widget-container\">\n\t\t\t\t\t\t\t\t\t\t\t\t\t\t\t<img loading=\"lazy\" decoding=\"async\" width=\"782\" height=\"424\" src=\"https:\/\/viiiconference.ruralforum.org\/wp-content\/uploads\/2024\/02\/MarcaAytoBicolor-H-1-1-1-1.jpg\" class=\"attachment-large size-large wp-image-6436\" alt=\"\" srcset=\"https:\/\/viiiconference.ruralforum.org\/wp-content\/uploads\/2024\/02\/MarcaAytoBicolor-H-1-1-1-1.jpg 782w, https:\/\/viiiconference.ruralforum.org\/wp-content\/uploads\/2024\/02\/MarcaAytoBicolor-H-1-1-1-1-768x416.jpg 768w\" sizes=\"(max-width: 782px) 100vw, 782px\" \/>\t\t\t\t\t\t\t\t\t\t\t\t\t\t\t<\/div>\n\t\t\t\t<\/div>\n\t\t\t\t\t<\/div>\n\t\t<\/div>\n\t\t\t\t\t<\/div>\n\t\t<\/section>\n\t\t\t\t<section class=\"elementor-section elementor-inner-section elementor-element elementor-element-cd21e40 fila-home-logos elementor-section-boxed elementor-section-height-default elementor-section-height-default\" data-id=\"cd21e40\" data-element_type=\"section\" data-e-type=\"section\" data-settings=\"{&quot;_ha_eqh_enable&quot;:false}\">\n\t\t\t\t\t\t<div class=\"elementor-container elementor-column-gap-default\">\n\t\t\t\t\t<div class=\"elementor-column elementor-col-25 elementor-inner-column elementor-element elementor-element-04fd37f\" data-id=\"04fd37f\" data-element_type=\"column\" data-e-type=\"column\">\n\t\t\t<div class=\"elementor-widget-wrap elementor-element-populated\">\n\t\t\t\t\t\t<div class=\"elementor-element elementor-element-0f99098 elementor-widget elementor-widget-image\" data-id=\"0f99098\" data-element_type=\"widget\" data-e-type=\"widget\" data-settings=\"{&quot;ekit_we_effect_on&quot;:&quot;none&quot;}\" data-widget_type=\"image.default\">\n\t\t\t\t<div class=\"elementor-widget-container\">\n\t\t\t\t\t\t\t\t\t\t\t\t\t\t\t\t<a href=\"https:\/\/web.araba.eus\/eu\/home\" target=\"_blank\">\n\t\t\t\t\t\t\t<img loading=\"lazy\" decoding=\"async\" width=\"1084\" height=\"371\" src=\"https:\/\/viiiconference.ruralforum.org\/wp-content\/uploads\/2024\/02\/Dipu-Araba-1-1.jpg\" class=\"attachment-large size-large wp-image-6440\" alt=\"\" srcset=\"https:\/\/viiiconference.ruralforum.org\/wp-content\/uploads\/2024\/02\/Dipu-Araba-1-1.jpg 1084w, https:\/\/viiiconference.ruralforum.org\/wp-content\/uploads\/2024\/02\/Dipu-Araba-1-1-768x263.jpg 768w\" sizes=\"(max-width: 1084px) 100vw, 1084px\" \/>\t\t\t\t\t\t\t\t<\/a>\n\t\t\t\t\t\t\t\t\t\t\t\t\t\t\t<\/div>\n\t\t\t\t<\/div>\n\t\t\t\t\t<\/div>\n\t\t<\/div>\n\t\t\t\t<div class=\"elementor-column elementor-col-25 elementor-inner-column elementor-element elementor-element-76c3a8f\" data-id=\"76c3a8f\" data-element_type=\"column\" data-e-type=\"column\">\n\t\t\t<div class=\"elementor-widget-wrap elementor-element-populated\">\n\t\t\t\t\t\t<div class=\"elementor-element elementor-element-2425b4b elementor-widget elementor-widget-image\" data-id=\"2425b4b\" data-element_type=\"widget\" data-e-type=\"widget\" data-settings=\"{&quot;ekit_we_effect_on&quot;:&quot;none&quot;}\" data-widget_type=\"image.default\">\n\t\t\t\t<div class=\"elementor-widget-container\">\n\t\t\t\t\t\t\t\t\t\t\t\t\t\t\t\t<a href=\"https:\/\/www.bizkaia.eus\/eu\/hasiera\" target=\"_blank\">\n\t\t\t\t\t\t\t<img loading=\"lazy\" decoding=\"async\" width=\"1024\" height=\"433\" src=\"https:\/\/viiiconference.ruralforum.org\/wp-content\/uploads\/2024\/02\/Bizkaia-1-1.png\" class=\"attachment-large size-large wp-image-6444\" alt=\"\" srcset=\"https:\/\/viiiconference.ruralforum.org\/wp-content\/uploads\/2024\/02\/Bizkaia-1-1.png 1024w, https:\/\/viiiconference.ruralforum.org\/wp-content\/uploads\/2024\/02\/Bizkaia-1-1-768x325.png 768w\" sizes=\"(max-width: 1024px) 100vw, 1024px\" \/>\t\t\t\t\t\t\t\t<\/a>\n\t\t\t\t\t\t\t\t\t\t\t\t\t\t\t<\/div>\n\t\t\t\t<\/div>\n\t\t\t\t\t<\/div>\n\t\t<\/div>\n\t\t\t\t<div class=\"elementor-column elementor-col-25 elementor-inner-column elementor-element elementor-element-d5d7f70\" data-id=\"d5d7f70\" data-element_type=\"column\" data-e-type=\"column\">\n\t\t\t<div class=\"elementor-widget-wrap elementor-element-populated\">\n\t\t\t\t\t\t<div class=\"elementor-element elementor-element-87deb0e elementor-widget elementor-widget-image\" data-id=\"87deb0e\" data-element_type=\"widget\" data-e-type=\"widget\" data-settings=\"{&quot;ekit_we_effect_on&quot;:&quot;none&quot;}\" data-widget_type=\"image.default\">\n\t\t\t\t<div class=\"elementor-widget-container\">\n\t\t\t\t\t\t\t\t\t\t\t\t\t\t\t\t<a href=\"https:\/\/www.gipuzkoa.eus\/eu\/\" target=\"_blank\">\n\t\t\t\t\t\t\t<img loading=\"lazy\" decoding=\"async\" width=\"605\" height=\"287\" src=\"https:\/\/viiiconference.ruralforum.org\/wp-content\/uploads\/2024\/02\/Dipu-Gipuzkoa-1-1.jpg\" class=\"attachment-large size-large wp-image-6448\" alt=\"\" \/>\t\t\t\t\t\t\t\t<\/a>\n\t\t\t\t\t\t\t\t\t\t\t\t\t\t\t<\/div>\n\t\t\t\t<\/div>\n\t\t\t\t\t<\/div>\n\t\t<\/div>\n\t\t\t\t<div class=\"elementor-column elementor-col-25 elementor-inner-column elementor-element elementor-element-008c80a\" data-id=\"008c80a\" data-element_type=\"column\" data-e-type=\"column\">\n\t\t\t<div class=\"elementor-widget-wrap elementor-element-populated\">\n\t\t\t\t\t\t<div class=\"elementor-element elementor-element-8f4b3e1 elementor-widget elementor-widget-image\" data-id=\"8f4b3e1\" data-element_type=\"widget\" data-e-type=\"widget\" data-settings=\"{&quot;ekit_we_effect_on&quot;:&quot;none&quot;}\" data-widget_type=\"image.default\">\n\t\t\t\t<div class=\"elementor-widget-container\">\n\t\t\t\t\t\t\t\t\t\t\t\t\t\t\t\t<a href=\"https:\/\/www.emakunde.euskadi.eus\/hasiera\/\" target=\"_blank\">\n\t\t\t\t\t\t\t<img loading=\"lazy\" decoding=\"async\" width=\"714\" height=\"692\" src=\"https:\/\/viiiconference.ruralforum.org\/wp-content\/uploads\/2024\/02\/logo.emakunde.h-1-1-1.jpg\" class=\"attachment-large size-large wp-image-6452\" alt=\"\" \/>\t\t\t\t\t\t\t\t<\/a>\n\t\t\t\t\t\t\t\t\t\t\t\t\t\t\t<\/div>\n\t\t\t\t<\/div>\n\t\t\t\t\t<\/div>\n\t\t<\/div>\n\t\t\t\t\t<\/div>\n\t\t<\/section>\n\t\t\t\t<section class=\"elementor-section elementor-inner-section elementor-element elementor-element-14e3f9b fila-home-logos elementor-section-boxed elementor-section-height-default elementor-section-height-default\" data-id=\"14e3f9b\" data-element_type=\"section\" data-e-type=\"section\" data-settings=\"{&quot;_ha_eqh_enable&quot;:false}\">\n\t\t\t\t\t\t<div class=\"elementor-container elementor-column-gap-default\">\n\t\t\t\t\t<div class=\"elementor-column elementor-col-33 elementor-inner-column elementor-element elementor-element-fa6c15c\" data-id=\"fa6c15c\" data-element_type=\"column\" data-e-type=\"column\">\n\t\t\t<div class=\"elementor-widget-wrap elementor-element-populated\">\n\t\t\t\t\t\t<div class=\"elementor-element elementor-element-5feab16 elementor-widget elementor-widget-image\" data-id=\"5feab16\" data-element_type=\"widget\" data-e-type=\"widget\" data-settings=\"{&quot;ekit_we_effect_on&quot;:&quot;none&quot;}\" data-widget_type=\"image.default\">\n\t\t\t\t<div class=\"elementor-widget-container\">\n\t\t\t\t\t\t\t\t\t\t\t\t\t\t\t\t<a href=\"https:\/\/idf-fundazioa.eus\/eu\/\" target=\"_blank\">\n\t\t\t\t\t\t\t<img loading=\"lazy\" decoding=\"async\" width=\"320\" height=\"200\" src=\"https:\/\/viiiconference.ruralforum.org\/wp-content\/uploads\/2024\/02\/IDF-logo-1.jpg\" class=\"attachment-large size-large wp-image-6456\" alt=\"\" \/>\t\t\t\t\t\t\t\t<\/a>\n\t\t\t\t\t\t\t\t\t\t\t\t\t\t\t<\/div>\n\t\t\t\t<\/div>\n\t\t\t\t\t<\/div>\n\t\t<\/div>\n\t\t\t\t<div class=\"elementor-column elementor-col-33 elementor-inner-column elementor-element elementor-element-ad9d9c1\" data-id=\"ad9d9c1\" data-element_type=\"column\" data-e-type=\"column\">\n\t\t\t<div class=\"elementor-widget-wrap elementor-element-populated\">\n\t\t\t\t\t\t<div class=\"elementor-element elementor-element-453e7f6 elementor-widget elementor-widget-image\" data-id=\"453e7f6\" data-element_type=\"widget\" data-e-type=\"widget\" data-settings=\"{&quot;ekit_we_effect_on&quot;:&quot;none&quot;}\" data-widget_type=\"image.default\">\n\t\t\t\t<div class=\"elementor-widget-container\">\n\t\t\t\t\t\t\t\t\t\t\t\t\t\t\t\t<a href=\"https:\/\/korporatiboa.laboralkutxa.com\/gu\/entitatea\/?_gl=1*zo3m5i*_up*MQ..*_ga*Nzg5ODMzMTg0LjE3MDc4MzUxNTY.*_ga_QMD6TF14V3*MTcwNzgzNTE2My4xLjEuMTcwNzgzNTIwMS4wLjAuMA..\" target=\"_blank\">\n\t\t\t\t\t\t\t<img loading=\"lazy\" decoding=\"async\" width=\"1476\" height=\"945\" src=\"https:\/\/viiiconference.ruralforum.org\/wp-content\/uploads\/2024\/02\/LOGOTIPO_LK_COMPACTO-1-1.jpg\" class=\"attachment-large size-large wp-image-6460\" alt=\"\" srcset=\"https:\/\/viiiconference.ruralforum.org\/wp-content\/uploads\/2024\/02\/LOGOTIPO_LK_COMPACTO-1-1.jpg 1476w, https:\/\/viiiconference.ruralforum.org\/wp-content\/uploads\/2024\/02\/LOGOTIPO_LK_COMPACTO-1-1-768x492.jpg 768w\" sizes=\"(max-width: 1476px) 100vw, 1476px\" \/>\t\t\t\t\t\t\t\t<\/a>\n\t\t\t\t\t\t\t\t\t\t\t\t\t\t\t<\/div>\n\t\t\t\t<\/div>\n\t\t\t\t\t<\/div>\n\t\t<\/div>\n\t\t\t\t<div class=\"elementor-column elementor-col-33 elementor-inner-column elementor-element elementor-element-f3e5563\" data-id=\"f3e5563\" data-element_type=\"column\" data-e-type=\"column\">\n\t\t\t<div class=\"elementor-widget-wrap elementor-element-populated\">\n\t\t\t\t\t\t<div class=\"elementor-element elementor-element-f8ebb09 elementor-widget elementor-widget-image\" data-id=\"f8ebb09\" data-element_type=\"widget\" data-e-type=\"widget\" data-settings=\"{&quot;ekit_we_effect_on&quot;:&quot;none&quot;}\" data-widget_type=\"image.default\">\n\t\t\t\t<div class=\"elementor-widget-container\">\n\t\t\t\t\t\t\t\t\t\t\t\t\t\t\t\t<a href=\"https:\/\/konfekoop.coop\/?lang=eu\" target=\"_blank\">\n\t\t\t\t\t\t\t<img loading=\"lazy\" decoding=\"async\" width=\"485\" height=\"104\" src=\"https:\/\/viiiconference.ruralforum.org\/wp-content\/uploads\/2024\/02\/konfekoop-3-1.png\" class=\"attachment-large size-large wp-image-6464\" alt=\"\" \/>\t\t\t\t\t\t\t\t<\/a>\n\t\t\t\t\t\t\t\t\t\t\t\t\t\t\t<\/div>\n\t\t\t\t<\/div>\n\t\t\t\t\t<\/div>\n\t\t<\/div>\n\t\t\t\t\t<\/div>\n\t\t<\/section>\n\t\t\t\t\t<\/div>\n\t\t<\/div>\n\t\t\t\t\t<\/div>\n\t\t<\/section>\n\t\t\t\t<section class=\"elementor-section elementor-top-section elementor-element elementor-element-81a77c6 oculto elementor-section-boxed elementor-section-height-default elementor-section-height-default\" data-id=\"81a77c6\" data-element_type=\"section\" data-e-type=\"section\" data-settings=\"{&quot;background_background&quot;:&quot;classic&quot;,&quot;_ha_eqh_enable&quot;:false}\">\n\t\t\t\t\t\t\t<div class=\"elementor-background-overlay\"><\/div>\n\t\t\t\t\t\t\t<div class=\"elementor-container elementor-column-gap-default\">\n\t\t\t\t\t<div class=\"elementor-column elementor-col-100 elementor-top-column elementor-element elementor-element-9db81cf\" data-id=\"9db81cf\" data-element_type=\"column\" data-e-type=\"column\">\n\t\t\t<div class=\"elementor-widget-wrap elementor-element-populated\">\n\t\t\t\t\t\t<div class=\"elementor-element elementor-element-f60179d elementor-invisible elementor-widget elementor-widget-exhibz-title\" data-id=\"f60179d\" data-element_type=\"widget\" data-e-type=\"widget\" data-settings=\"{&quot;_animation&quot;:&quot;fadeInDown&quot;,&quot;_animation_delay&quot;:300,&quot;ekit_we_effect_on&quot;:&quot;none&quot;}\" data-widget_type=\"exhibz-title.default\">\n\t\t\t\t<div class=\"elementor-widget-container\">\n\t\t\t\t\t\n    <div class=\"title-section-area\">\n        <h2 class=\"section-title\">\n            <span class=\"sub-title\">HURRY UP!<\/span>\n\t\t\tBook your Seat        <\/h2>\n\t\t                    <span class=\"title-shape\">\n                  <svg xmlns='http:\/\/www.w3.org\/2000\/svg' xmlns:xlink='http:\/\/www.w3.org\/1999\/xlink' width='71px' height='11px'> <path fill-rule='evenodd' d='M59.669,10.710 L49.164,3.306 L39.428,10.681 L29.714,3.322 L20.006,10.682 L10.295,3.322 L1.185,10.228 L-0.010,8.578 L10.295,0.765 L20.006,8.125 L29.714,0.765 L39.428,8.125 L49.122,0.781 L59.680,8.223 L69.858,1.192 L70.982,2.895 L59.669,10.710 Z'\/><\/svg>\n            <\/span>\n                    <\/div><!-- Section title -->\n    \n    \n\n    \t\t\t\t<\/div>\n\t\t\t\t<\/div>\n\t\t\t\t<div class=\"elementor-element elementor-element-509ffa7 elementor-align-center elementor-invisible elementor-widget elementor-widget-button\" data-id=\"509ffa7\" data-element_type=\"widget\" data-e-type=\"widget\" data-settings=\"{&quot;_animation&quot;:&quot;fadeInUp&quot;,&quot;_animation_delay&quot;:400,&quot;ekit_we_effect_on&quot;:&quot;none&quot;}\" data-widget_type=\"button.default\">\n\t\t\t\t<div class=\"elementor-widget-container\">\n\t\t\t\t\t\t\t\t\t<div class=\"elementor-button-wrapper\">\n\t\t\t\t\t<a class=\"elementor-button elementor-button-link elementor-size-md\" href=\"#\">\n\t\t\t\t\t\t<span class=\"elementor-button-content-wrapper\">\n\t\t\t\t\t\t\t\t\t<span class=\"elementor-button-text\">Buy Ticket<\/span>\n\t\t\t\t\t<\/span>\n\t\t\t\t\t<\/a>\n\t\t\t\t<\/div>\n\t\t\t\t\t\t\t\t<\/div>\n\t\t\t\t<\/div>\n\t\t\t\t\t<\/div>\n\t\t<\/div>\n\t\t\t\t\t<\/div>\n\t\t<\/section>\n\t\t\t\t<\/div>\n\t\t","protected":false},"excerpt":{"rendered":"<p>19 &#8211; 21 March 2024 EUROPA PALACE VITORIA-GASTEIZ VIII Global Conference FAMILY FARMING: SUSTAINABILITYOF OUR PLANET marzo 21, 2024 La VIII Conferencia global del FRM concluye con una Declaraci\u00f3n Final que reconoce el papel \u201cvital\u201d de las agricultoras y agricultores familiares para la sostenibilidad del planeta marzo 20, 2024 \u201cEl papel de las agricultoras y [&hellip;]<\/p>\n","protected":false},"author":1,"featured_media":0,"parent":0,"menu_order":0,"comment_status":"closed","ping_status":"closed","template":"template\/homepage-template.php","meta":{"footnotes":""},"class_list":["post-3413","page","type-page","status-publish","hentry"],"_links":{"self":[{"href":"https:\/\/viiiconference.ruralforum.org\/en\/wp-json\/wp\/v2\/pages\/3413","targetHints":{"allow":["GET"]}}],"collection":[{"href":"https:\/\/viiiconference.ruralforum.org\/en\/wp-json\/wp\/v2\/pages"}],"about":[{"href":"https:\/\/viiiconference.ruralforum.org\/en\/wp-json\/wp\/v2\/types\/page"}],"author":[{"embeddable":true,"href":"https:\/\/viiiconference.ruralforum.org\/en\/wp-json\/wp\/v2\/users\/1"}],"replies":[{"embeddable":true,"href":"https:\/\/viiiconference.ruralforum.org\/en\/wp-json\/wp\/v2\/comments?post=3413"}],"version-history":[{"count":284,"href":"https:\/\/viiiconference.ruralforum.org\/en\/wp-json\/wp\/v2\/pages\/3413\/revisions"}],"predecessor-version":[{"id":7761,"href":"https:\/\/viiiconference.ruralforum.org\/en\/wp-json\/wp\/v2\/pages\/3413\/revisions\/7761"}],"wp:attachment":[{"href":"https:\/\/viiiconference.ruralforum.org\/en\/wp-json\/wp\/v2\/media?parent=3413"}],"curies":[{"name":"wp","href":"https:\/\/api.w.org\/{rel}","templated":true}]}}